{"id":41,"date":"2025-08-03T08:00:29","date_gmt":"2025-08-03T06:00:29","guid":{"rendered":"https:\/\/anciens2rpima.fr\/?page_id=41"},"modified":"2026-04-24T12:28:47","modified_gmt":"2026-04-24T10:28:47","slug":"a-propos-de","status":"publish","type":"page","link":"https:\/\/anciens2rpima.fr\/","title":{"rendered":"L&rsquo;association"},"content":{"rendered":"\n<p class=\"has-text-align-center\">&#8211; A  C  T  U  A  L  I  T  E  S &#8211;<\/p>\n\n\n\n<p class=\"has-text-align-center\"><\/p>\n\n\n\n<div class=\"wp-block-group\"><div class=\"wp-block-group__inner-container is-layout-constrained wp-block-group-is-layout-constrained\">\n<div class=\"wp-block-group is-content-justification-center is-nowrap is-layout-flex wp-container-core-group-is-layout-94bc23d7 wp-block-group-is-layout-flex\"><div class=\"wp-block-image\">\n<figure class=\"aligncenter size-full is-resized\"><a href=\"https:\/\/www.troupesdemarine-ancredor.org\/congres-fnaom-2026_dernieres-minutes\/\" target=\"_blank\" rel=\" noreferrer noopener\"><img fetchpriority=\"high\" decoding=\"async\" width=\"758\" height=\"402\" src=\"https:\/\/anciens2rpima.fr\/wp-content\/uploads\/2026\/03\/Congre-FNAOM-2026.jpg\" alt=\"\" class=\"wp-image-4129\" style=\"width:420px;height:auto\" srcset=\"https:\/\/anciens2rpima.fr\/wp-content\/uploads\/2026\/03\/Congre-FNAOM-2026.jpg 758w, https:\/\/anciens2rpima.fr\/wp-content\/uploads\/2026\/03\/Congre-FNAOM-2026-300x159.jpg 300w, https:\/\/anciens2rpima.fr\/wp-content\/uploads\/2026\/03\/Congre-FNAOM-2026-200x106.jpg 200w\" sizes=\"(max-width: 758px) 100vw, 758px\" \/><\/a><figcaption class=\"wp-element-caption\"><strong>INFO de l&rsquo;AA2<\/strong><\/figcaption><\/figure>\n<\/div>\n\n\n<figure class=\"wp-block-image size-full is-style-default wp-container-content-9c6405a0\"><img decoding=\"async\" width=\"565\" height=\"487\" src=\"https:\/\/anciens2rpima.fr\/wp-content\/uploads\/2026\/03\/Marathon-des-blesses-2026.jpg\" alt=\"\" class=\"wp-image-4316\" style=\"object-fit:cover\" srcset=\"https:\/\/anciens2rpima.fr\/wp-content\/uploads\/2026\/03\/Marathon-des-blesses-2026.jpg 565w, https:\/\/anciens2rpima.fr\/wp-content\/uploads\/2026\/03\/Marathon-des-blesses-2026-300x259.jpg 300w, https:\/\/anciens2rpima.fr\/wp-content\/uploads\/2026\/03\/Marathon-des-blesses-2026-200x172.jpg 200w\" sizes=\"(max-width: 565px) 100vw, 565px\" \/><figcaption class=\"wp-element-caption\"><strong>INFO de l&rsquo;AA2<\/strong><\/figcaption><\/figure>\n<\/div>\n<\/div><\/div>\n\n\n\n<p class=\"has-text-align-center\">\u2014\u2014\u2014\u2014\u2013 = \u2014\u2014\u2014\u2014\u2013<\/p>\n\n\n\n<p class=\"has-text-align-center\"><strong>Prochainement :<\/strong><\/p>\n\n\n\n<p class=\"has-text-align-center has-background\" style=\"background:linear-gradient(135deg,rgb(247,191,152) 0%,rgb(206,249,150) 100%);font-size:15px\"><strong>INFOS<\/strong> \u00e0 nos chers adh\u00e9rents cotisants, l&rsquo;ann\u00e9e 2026 est bien entam\u00e9e, <strong>en AVRIL<\/strong> un nouveau code d&rsquo;acc\u00e8s vous sera adress\u00e9 par mail par le bureau du CA de l&rsquo;AA2. <em>($\u0259b webmaster)<\/em><\/p>\n\n\n\n<div class=\"wp-block-group has-background\" style=\"background:linear-gradient(182deg,rgb(248,248,248) 0%,rgb(255,190,143) 100%)\"><div class=\"wp-block-group__inner-container is-layout-constrained wp-block-group-is-layout-constrained\">\n<p class=\"has-text-align-center\" style=\"font-size:17px\">Notre AG 2026 est en pr\u00e9paration, elle se tiendra \u00e0 Caylus le&nbsp;<strong>28 juin \u00e0 10h00 (H de La R\u00e9union)<\/strong>. Document \u00e0 renseigner et \u00e0 renvoyer :<\/p>\n\n\n\n<div class=\"wp-block-file aligncenter\"><a id=\"wp-block-file--media-5e11a796-eb13-4a5d-a6d6-e0fd3356e342\" href=\"https:\/\/anciens2rpima.fr\/wp-content\/uploads\/2026\/02\/Relance-_Urgent_Prepa-ASSEMBLEE-GENERALE-ORDINAIRE-2026.pdf\">Relance _Urgent_Pr\u00e9pa-ASSEMBLEE GENERALE ORDINAIRE 2026<\/a><a href=\"https:\/\/anciens2rpima.fr\/wp-content\/uploads\/2026\/02\/Relance-_Urgent_Prepa-ASSEMBLEE-GENERALE-ORDINAIRE-2026.pdf\" class=\"wp-block-file__button wp-element-button\" download aria-describedby=\"wp-block-file--media-5e11a796-eb13-4a5d-a6d6-e0fd3356e342\">T\u00e9l\u00e9charger<\/a><\/div>\n<\/div><\/div>\n\n\n\n<p class=\"has-text-align-center\">2026 &#8211; 70\u00b0 anniversaire des <a href=\"https:\/\/anciens2rpima.fr\/index.php\/2025\/11\/28\/suez\/\" target=\"_blank\" rel=\"noopener\" title=\"\">op\u00e9rations de <strong>SUEZ<\/strong> de 1956.<\/a><\/p>\n\n\n\n<p class=\"has-text-align-center\">\u2014\u2014\u2014\u2014\u2013 = \u2014\u2014\u2014\u2014\u2013<\/p>\n\n\n\n<p class=\"has-text-align-left\"><strong>AVRIL 2026 :<\/strong><\/p>\n\n\n\n<div class=\"wp-block-media-text is-stacked-on-mobile has-background\" style=\"background:linear-gradient(135deg,rgb(185,91,23) 0%,rgb(91,19,19) 100%);grid-template-columns:34% auto\"><figure class=\"wp-block-media-text__media\"><a href=\"https:\/\/anciens2rpima.fr\/index.php\/a-propos-de\/delegations-anciens-cdc-accueillent-le-futur-avril-2026\/\" target=\"_blank\" rel=\" noreferrer noopener\"><img decoding=\"async\" width=\"921\" height=\"659\" src=\"https:\/\/anciens2rpima.fr\/wp-content\/uploads\/2026\/04\/Delegations-Anciens-CDC-Accueillent-le-futur-Avril-2026.jpg\" alt=\"\" class=\"wp-image-4502 size-full\" srcset=\"https:\/\/anciens2rpima.fr\/wp-content\/uploads\/2026\/04\/Delegations-Anciens-CDC-Accueillent-le-futur-Avril-2026.jpg 921w, https:\/\/anciens2rpima.fr\/wp-content\/uploads\/2026\/04\/Delegations-Anciens-CDC-Accueillent-le-futur-Avril-2026-300x215.jpg 300w, https:\/\/anciens2rpima.fr\/wp-content\/uploads\/2026\/04\/Delegations-Anciens-CDC-Accueillent-le-futur-Avril-2026-768x550.jpg 768w, https:\/\/anciens2rpima.fr\/wp-content\/uploads\/2026\/04\/Delegations-Anciens-CDC-Accueillent-le-futur-Avril-2026-200x143.jpg 200w\" sizes=\"(max-width: 921px) 100vw, 921px\" \/><\/a><\/figure><div class=\"wp-block-media-text__content\">\n<p class=\"has-text-align-left has-white-color has-text-color has-link-color wp-elements-ed608ab02c1a53de3e3f804c4bfaff9f\" style=\"font-size:17px\">Quelque part dans l&rsquo;hexagone, des liens se tissent et des consignes se passent \u00e9galement&#8230;. Myst\u00e8res&#8230;.<\/p>\n<\/div><\/div>\n\n\n\n<p><\/p>\n\n\n\n<blockquote class=\"wp-block-quote has-background is-layout-flow wp-block-quote-is-layout-flow\" style=\"background-color:#d9d9d9\">\n<p class=\"has-text-align-center\" style=\"font-size:13px\">Chers Amis, c\u2019est avec une profonde tristesse que nous vous annon\u00e7ons le d\u00e9c\u00e8s de notre ami <strong>Fr\u00e9do PICARD<\/strong>, survenu dans la nuit du <strong>18\/04\/26<\/strong>.&nbsp;Il aurait eu 96 ans au mois d\u2019ao\u00fbt. Fr\u00e9do \u00e9tait un \u00eatre cher aux yeux de tous. Fid\u00e8le parmi les fid\u00e8les, il \u00e9tait un fervent adh\u00e9rent de l\u2019UNP et a \u00e9t\u00e9, durant de nombreuses ann\u00e9es, <strong>membre de notre amicale<\/strong>. Sa pr\u00e9sence, sa gentillesse et son esprit de camaraderie laisseront un souvenir pr\u00e9cieux dans nos c\u0153urs.<br>Que Saint-Michel veille sur lui et sa famille.<\/p>\n\n\n\n<p class=\"has-text-align-center\" style=\"font-size:13px\">Les obs\u00e8ques de notre ami <strong>Fr\u00e9do PICARD<\/strong> auront lieu <strong>lundi 20 avril \u00e0 14h00<\/strong>, au fun\u00e9rarium de Ligne Paradis \u00e0 Saint-Pierre. En ces moments douloureux, nous adressons \u00e0 sa&nbsp;fille, sa&nbsp;famille&nbsp;et ses proches nos&nbsp;plus sinc\u00e8res&nbsp;condol\u00e9ances&nbsp;et toute notre solidarit\u00e9.<\/p>\n\n\n\n<p class=\"has-text-align-center\" style=\"font-size:13px\">Repose en paix, cher Fr\u00e9do. <a href=\"https:\/\/www.unp974.re\/recits-de-fredo-picard\/\" target=\"_blank\" rel=\"noopener\" title=\"\">Tu resteras \u00e0 jamais dans nos m\u00e9moires<\/a>.<\/p>\n\n\n\n<p class=\"has-text-align-center\" style=\"font-size:13px\"><em>\u2112\u212f&nbsp;\ud835\udcab\ud835\udcc7\u212f\u0301\ud835\udcc8\ud835\udcbe\ud835\udcb9\u212f\ud835\udcc3\ud835\udcc9,<\/em><\/p>\n\n\n<div class=\"wp-block-image\">\n<figure class=\"aligncenter size-full is-resized\"><a href=\"https:\/\/anciens2rpima.fr\/index.php\/a-propos-de\/fredo-picard\/\" target=\"_blank\" rel=\" noreferrer noopener\"><img loading=\"lazy\" decoding=\"async\" width=\"660\" height=\"942\" src=\"https:\/\/anciens2rpima.fr\/wp-content\/uploads\/2026\/04\/Fredo-Picard.jpg\" alt=\"\" class=\"wp-image-4451\" style=\"aspect-ratio:0.7826519729825808;width:92px;height:auto\" srcset=\"https:\/\/anciens2rpima.fr\/wp-content\/uploads\/2026\/04\/Fredo-Picard.jpg 660w, https:\/\/anciens2rpima.fr\/wp-content\/uploads\/2026\/04\/Fredo-Picard-210x300.jpg 210w, https:\/\/anciens2rpima.fr\/wp-content\/uploads\/2026\/04\/Fredo-Picard-140x200.jpg 140w\" sizes=\"(max-width: 660px) 100vw, 660px\" \/><\/a><\/figure>\n<\/div><\/blockquote>\n\n\n\n<p><\/p>\n\n\n\n<p class=\"has-text-align-center\" style=\"font-size:17px\">Vendredi 10 avril a eu lieu notre r\u00e9union \u00e0 17h30 \u2013 Parc des Casernes.<\/p>\n\n\n\n<div class=\"wp-block-file aligncenter\"><a id=\"wp-block-file--media-9f5a2f19-4a50-43a1-b813-9aed51ed7f4d\" href=\"https:\/\/anciens2rpima.fr\/wp-content\/uploads\/2026\/04\/03-CR-reunion-20260410-DILR.pdf\">03-CR-re\u0301union-20260410-DILR<\/a><\/div>\n\n\n<div class=\"wp-block-image\">\n<figure class=\"aligncenter size-large is-resized\"><a href=\"https:\/\/anciens2rpima.fr\/wp-content\/uploads\/2026\/04\/Reunion-AA2-Avril-2026.jpeg\"><img loading=\"lazy\" decoding=\"async\" width=\"1024\" height=\"643\" src=\"https:\/\/anciens2rpima.fr\/wp-content\/uploads\/2026\/04\/Reunion-AA2-Avril-2026-1024x643.jpeg\" alt=\"\" class=\"wp-image-4398\" style=\"aspect-ratio:1.5925873230419008;width:411px;height:auto\" srcset=\"https:\/\/anciens2rpima.fr\/wp-content\/uploads\/2026\/04\/Reunion-AA2-Avril-2026-1024x643.jpeg 1024w, https:\/\/anciens2rpima.fr\/wp-content\/uploads\/2026\/04\/Reunion-AA2-Avril-2026-300x188.jpeg 300w, https:\/\/anciens2rpima.fr\/wp-content\/uploads\/2026\/04\/Reunion-AA2-Avril-2026-768x483.jpeg 768w, https:\/\/anciens2rpima.fr\/wp-content\/uploads\/2026\/04\/Reunion-AA2-Avril-2026-200x126.jpeg 200w, https:\/\/anciens2rpima.fr\/wp-content\/uploads\/2026\/04\/Reunion-AA2-Avril-2026-1536x965.jpeg 1536w, https:\/\/anciens2rpima.fr\/wp-content\/uploads\/2026\/04\/Reunion-AA2-Avril-2026.jpeg 1606w\" sizes=\"(max-width: 1024px) 100vw, 1024px\" \/><\/a><\/figure>\n<\/div>\n\n\n<p><\/p>\n\n\n\n<p class=\"has-text-align-left\"><strong>MARS 2026 :<\/strong><\/p>\n\n\n\n<p class=\"has-text-align-center\" style=\"font-size:17px\">Vendredi 13 mars a eu lieu notre r\u00e9union \u00e0 17h30 &#8211; Parc des Casernes.<\/p>\n\n\n\n<div class=\"wp-block-file aligncenter\"><a id=\"wp-block-file--media-cc6732c1-c6ac-4dac-9617-4069e07d5d53\" href=\"https:\/\/anciens2rpima.fr\/wp-content\/uploads\/2026\/03\/02-CR-reunion-20260313-DILR.pdf\">02-CR-re\u0301union-20260313-DILR<\/a><\/div>\n\n\n<div class=\"wp-block-image\">\n<figure class=\"aligncenter size-large is-resized\"><a href=\"https:\/\/anciens2rpima.fr\/index.php\/a-propos-de\/reunion-du-13-mars-2026-b\/\" target=\"_blank\" rel=\" noreferrer noopener\"><img loading=\"lazy\" decoding=\"async\" width=\"1024\" height=\"475\" src=\"https:\/\/anciens2rpima.fr\/wp-content\/uploads\/2026\/03\/reunion-du-13-mars-2026-b-1024x475.jpg\" alt=\"\" class=\"wp-image-4228\" style=\"aspect-ratio:2.1559191530317614;width:522px;height:auto\" srcset=\"https:\/\/anciens2rpima.fr\/wp-content\/uploads\/2026\/03\/reunion-du-13-mars-2026-b-1024x475.jpg 1024w, https:\/\/anciens2rpima.fr\/wp-content\/uploads\/2026\/03\/reunion-du-13-mars-2026-b-300x139.jpg 300w, https:\/\/anciens2rpima.fr\/wp-content\/uploads\/2026\/03\/reunion-du-13-mars-2026-b-768x356.jpg 768w, https:\/\/anciens2rpima.fr\/wp-content\/uploads\/2026\/03\/reunion-du-13-mars-2026-b-200x93.jpg 200w, https:\/\/anciens2rpima.fr\/wp-content\/uploads\/2026\/03\/reunion-du-13-mars-2026-b.jpg 1063w\" sizes=\"(max-width: 1024px) 100vw, 1024px\" \/><\/a><\/figure>\n<\/div>\n\n\n<p><\/p>\n\n\n\n<blockquote class=\"wp-block-quote has-background is-layout-flow wp-block-quote-is-layout-flow\" style=\"background-color:#d9d9d9\">\n<p class=\"has-text-align-center\" style=\"font-size:13px\">Chers Amis, nous avons la tristesse de vous faire part du d\u00e9c\u00e8s de <strong>Georges Ygnatowicz<\/strong> le <strong>09\/03\/2026<\/strong>. Notre ami et brave repose \u00e0 la Maison fun\u00e9raire d\u2019Occitanie \u2013 1 rue Alexandre Soumet \u00e0 Carcassonne, pour celles et ceux qui souhaiteraient venir lui rendre un dernier hommage.<br>Que Saint-Michel veille sur lui et sa famille.<\/p>\n\n\n\n<p class=\"has-text-align-center\" style=\"font-size:13px\">Ses obs\u00e8ques auront lieu au cr\u00e9matorium de Tr\u00e8bes le <strong>jeudi 12 mars 2026 \u00e0 16 h 30<\/strong>. Conform\u00e9ment au souhait de la famille, il n\u2019y aura pas de c\u00e9r\u00e9monie religieuse. Dans ces moments de grande peine, toute l\u2019Amicale tient \u00e0 adresser \u00e0 son \u00e9pouse Fran\u00e7oise, \u00e0 ses enfants, \u00e0 sa famille et \u00e0 tous ses proches ses condol\u00e9ances les plus sinc\u00e8res. Nos pens\u00e9es les accompagnent avec affection dans cette \u00e9preuve si douloureuse. Nous pensons \u00e9galement \u00e0 tous ses camarades et fr\u00e8res d\u2019armes qui ont partag\u00e9 avec lui des moments forts de leur vie de marsouins. Que le souvenir de Georges, de son engagement, de sa camaraderie et des instants v\u00e9cus ensemble reste \u00e0 jamais pr\u00e9sent dans nos c\u0153urs.<\/p>\n\n\n\n<p class=\"has-text-align-center\" style=\"font-size:13px\"><em>\u2112\u212f&nbsp;\ud835\udcab\ud835\udcc7\u212f\u0301\ud835\udcc8\ud835\udcbe\ud835\udcb9\u212f\ud835\udcc3\ud835\udcc9,<\/em><\/p>\n\n\n<div class=\"wp-block-image\">\n<figure class=\"aligncenter size-full is-resized\"><a href=\"https:\/\/anciens2rpima.fr\/index.php\/a-propos-de\/image-5\/\" target=\"_blank\" rel=\" noreferrer noopener\"><img loading=\"lazy\" decoding=\"async\" width=\"540\" height=\"690\" src=\"https:\/\/anciens2rpima.fr\/wp-content\/uploads\/2026\/03\/image-1.png\" alt=\"\" class=\"wp-image-4224\" style=\"aspect-ratio:0.7826519729825808;width:92px;height:auto\" srcset=\"https:\/\/anciens2rpima.fr\/wp-content\/uploads\/2026\/03\/image-1.png 540w, https:\/\/anciens2rpima.fr\/wp-content\/uploads\/2026\/03\/image-1-235x300.png 235w, https:\/\/anciens2rpima.fr\/wp-content\/uploads\/2026\/03\/image-1-157x200.png 157w\" sizes=\"(max-width: 540px) 100vw, 540px\" \/><\/a><\/figure>\n<\/div><\/blockquote>\n\n\n\n<p><\/p>\n\n\n\n<p class=\"has-text-align-center\" style=\"font-size:16px\">Le 03 mars, \u00e9tait le 94\u1d49 anniversaire de notre Pr\u00e9sident d\u2019Honneur, le <strong>g\u00e9n\u00e9ral Salvan<\/strong>, \u00e0 cette occasion notre Pr\u00e9sident lui avait adress\u00e9, au nom de toute l\u2019Amicale, un petit message empreint d\u2019amiti\u00e9, accompagn\u00e9 d\u2019une \ud83d\udc49 <a href=\"https:\/\/anciens2rpima.fr\/wp-content\/uploads\/2026\/03\/Anniversaire-General-SALVAN.png\" target=\"_blank\" rel=\"noopener\" title=\"\">tr\u00e8s jolie carte.<\/a><\/p>\n\n\n\n<p class=\"has-text-align-center\">\u2014\u2014\u2014\u2014\u2013 = \u2014\u2014\u2014\u2014\u2013<\/p>\n\n\n\n<p class=\"has-text-align-left\"><strong>MARS 2026<\/strong><\/p>\n\n\n\n<div class=\"wp-block-media-text is-stacked-on-mobile\" style=\"grid-template-columns:23% auto\"><figure class=\"wp-block-media-text__media\"><a href=\"https:\/\/www.facebook.com\/2eRPIMa\/posts\/pfbid02QzyvLiQEUo9pWZD8RvzooJkCJrce7hdQe5Ut6sV1SxXXgWg3SSURamTvq2XyD9yQl?locale=fr_FR\" target=\"_blank\" rel=\" noreferrer noopener\"><img loading=\"lazy\" decoding=\"async\" width=\"763\" height=\"723\" src=\"https:\/\/anciens2rpima.fr\/wp-content\/uploads\/2026\/04\/Service-National-au-2.jpg\" alt=\"\" class=\"wp-image-4512 size-full\" srcset=\"https:\/\/anciens2rpima.fr\/wp-content\/uploads\/2026\/04\/Service-National-au-2.jpg 763w, https:\/\/anciens2rpima.fr\/wp-content\/uploads\/2026\/04\/Service-National-au-2-300x284.jpg 300w, https:\/\/anciens2rpima.fr\/wp-content\/uploads\/2026\/04\/Service-National-au-2-200x190.jpg 200w\" sizes=\"(max-width: 763px) 100vw, 763px\" \/><\/a><\/figure><div class=\"wp-block-media-text__content\">\n<p class=\"has-text-align-center\">AU REGIMENT !<\/p>\n\n\n\n<p class=\"has-text-align-left\" style=\"font-size:14px\"><strong>Officiel<\/strong> ! Le <strong>2e RPIMa<\/strong> recrute pour le <strong>Service National<\/strong> ! Tu as entre 18 et 25 ans ? Tu cherches une exp\u00e9rience unique, valorisante et formatrice \u00e0 La R\u00e9union ? Pendant 10 mois, rejoins la grande famille des marsouins parachutistes. Nourris, log\u00e9 \u00e0 la caserne CBA Dupuis (Pierrefonds), une solde de 800\u20ac bruts par mois (hors prime). pour conna\u00eetre les conditions inscris-toi d\u00e8s maintenant. <img loading=\"lazy\" decoding=\"async\" height=\"16\" width=\"16\" src=\"https:\/\/static.xx.fbcdn.net\/images\/emoji.php\/v9\/t4d\/1\/16\/1f4de.png\" alt=\"\ud83d\udcde\">: 0262.93.58.81&lt;&lt;&lt;&lt; <mark style=\"background-color:#fcb900\" class=\"has-inline-color\">Ou cliquez pour voir plus d&rsquo;infos<\/mark>.<\/p>\n<\/div><\/div>\n\n\n\n<p><\/p>\n\n\n\n<div class=\"wp-block-media-text is-stacked-on-mobile\" style=\"grid-template-columns:23% auto\"><figure class=\"wp-block-media-text__media\"><a href=\"https:\/\/anciens2rpima.fr\/wp-content\/uploads\/2026\/04\/Papangue2026.mp4\" target=\"_blank\" rel=\" noreferrer noopener\"><img loading=\"lazy\" decoding=\"async\" width=\"360\" height=\"340\" src=\"https:\/\/anciens2rpima.fr\/wp-content\/uploads\/2026\/04\/Papangue-2026.jpg\" alt=\"\" class=\"wp-image-4329 size-full\" srcset=\"https:\/\/anciens2rpima.fr\/wp-content\/uploads\/2026\/04\/Papangue-2026.jpg 360w, https:\/\/anciens2rpima.fr\/wp-content\/uploads\/2026\/04\/Papangue-2026-300x283.jpg 300w, https:\/\/anciens2rpima.fr\/wp-content\/uploads\/2026\/04\/Papangue-2026-200x189.jpg 200w\" sizes=\"(max-width: 360px) 100vw, 360px\" \/><\/a><\/figure><div class=\"wp-block-media-text__content\">\n<p class=\"has-text-align-center\">AU REGIMENT et FAZSOI !<\/p>\n\n\n\n<p class=\"has-text-align-left\" style=\"font-size:14px\">Exercice <strong>Papangue 2026<\/strong> a eu lieu du 23 au 26 mars, il est l&rsquo;exercice interalli\u00e9s et interarm\u00e9es coorganis\u00e9 par la France et Madagascar. Papangue 26 rassemble l\u2019ensemble des pays de la Commission de l\u2019oc\u00e9an Indien. pr\u00e9s de 2000 soldats, 7 navires, 9 a\u00e9ronefs, <strong>Le Dixmude<\/strong> porte-h\u00e9licopt\u00e8res amphibie, <a href=\"https:\/\/www.arquus-defense.com\/fr\/programme-scorpion\/vehicule-blinde-multi-role-vbmr-griffon\" target=\"_blank\" rel=\"noopener\" title=\"\">les griffons<\/a> de l&rsquo;AdT etc&#8230;. &lt;&lt;&lt;&lt; <mark style=\"background-color:#fcb900\" class=\"has-inline-color\">Cliquez pour la vid\u00e9o<\/mark>. Plus d&rsquo;infos : <a href=\"https:\/\/www.facebook.com\/share\/r\/1aFGNETM2F\/\" target=\"_blank\" rel=\"noopener\" title=\"\">ICI<\/a> et dans <a href=\"https:\/\/imazpress.com\/toute-l-actu\/exercice-papangue\" target=\"_blank\" rel=\"noopener\" title=\"\">les m\u00e9dias<\/a> !<\/p>\n<\/div><\/div>\n\n\n<div class=\"wp-block-image\">\n<figure class=\"aligncenter size-large is-resized\"><a href=\"https:\/\/anciens2rpima.fr\/wp-content\/uploads\/2026\/04\/PAPANGUE-2026-colonel-Lehmuller.jpg\" target=\"_blank\" rel=\" noreferrer noopener\"><img loading=\"lazy\" decoding=\"async\" width=\"1024\" height=\"450\" src=\"https:\/\/anciens2rpima.fr\/wp-content\/uploads\/2026\/04\/PAPANGUE-2026-colonel-Lehmuller-1024x450.jpg\" alt=\"\" class=\"wp-image-4354\" style=\"aspect-ratio:2.2756518794446325;width:389px;height:auto\" srcset=\"https:\/\/anciens2rpima.fr\/wp-content\/uploads\/2026\/04\/PAPANGUE-2026-colonel-Lehmuller-1024x450.jpg 1024w, https:\/\/anciens2rpima.fr\/wp-content\/uploads\/2026\/04\/PAPANGUE-2026-colonel-Lehmuller-300x132.jpg 300w, https:\/\/anciens2rpima.fr\/wp-content\/uploads\/2026\/04\/PAPANGUE-2026-colonel-Lehmuller-768x337.jpg 768w, https:\/\/anciens2rpima.fr\/wp-content\/uploads\/2026\/04\/PAPANGUE-2026-colonel-Lehmuller-200x88.jpg 200w, https:\/\/anciens2rpima.fr\/wp-content\/uploads\/2026\/04\/PAPANGUE-2026-colonel-Lehmuller-1536x675.jpg 1536w, https:\/\/anciens2rpima.fr\/wp-content\/uploads\/2026\/04\/PAPANGUE-2026-colonel-Lehmuller.jpg 1559w\" sizes=\"(max-width: 1024px) 100vw, 1024px\" \/><\/a><figcaption class=\"wp-element-caption\">Papangue 2026<\/figcaption><\/figure>\n<\/div>\n\n\n<p><\/p>\n\n\n\n<p class=\"has-text-align-center\"><strong>Articles et vid\u00e9os en ligne :<\/strong><\/p>\n\n\n\n<div class=\"wp-block-media-text is-stacked-on-mobile has-background\" style=\"background:linear-gradient(135deg,rgb(248,248,248) 0%,rgb(200,200,200) 100%);grid-template-columns:21% auto\"><figure class=\"wp-block-media-text__media\"><a href=\"https:\/\/anciens2rpima.fr\/wp-content\/uploads\/2026\/04\/CCH-Anicet-Girardin.jpg\" target=\"_blank\" rel=\" noreferrer noopener\"><img loading=\"lazy\" decoding=\"async\" width=\"489\" height=\"462\" src=\"https:\/\/anciens2rpima.fr\/wp-content\/uploads\/2026\/04\/CCH-Anicet-Girardin.jpg\" alt=\"\" class=\"wp-image-4469 size-full\" srcset=\"https:\/\/anciens2rpima.fr\/wp-content\/uploads\/2026\/04\/CCH-Anicet-Girardin.jpg 489w, https:\/\/anciens2rpima.fr\/wp-content\/uploads\/2026\/04\/CCH-Anicet-Girardin-300x283.jpg 300w, https:\/\/anciens2rpima.fr\/wp-content\/uploads\/2026\/04\/CCH-Anicet-Girardin-200x189.jpg 200w\" sizes=\"(max-width: 489px) 100vw, 489px\" \/><\/a><\/figure><div class=\"wp-block-media-text__content\">\n<p class=\"has-text-align-left\" style=\"font-size:15px\">Caporal-chef Anicet GIRARDIN bless\u00e9 en mission au Liban succombe de ses blessures le 22\/04\/26. Hommage \u00e0 ce militaire du rang du <a href=\"https:\/\/www.facebook.com\/132eRIC?locale=fr_FR\" target=\"_blank\" rel=\"noopener\" title=\"\"><strong>132e RI Cynotechnique<\/strong><\/a> ( 132e R\u00e9giment d&rsquo;Infanterie ) de Suippes, toutes nos pens\u00e9es vont aux familles de ce brave. Nous souhaitons un prompt r\u00e9tablissement aux camarades soldats bless\u00e9s.<\/p>\n<\/div><\/div>\n\n\n\n<p><\/p>\n\n\n\n<div class=\"wp-block-media-text is-stacked-on-mobile has-background\" style=\"background:linear-gradient(135deg,rgb(248,248,248) 0%,rgb(200,200,200) 100%);grid-template-columns:22% auto\"><figure class=\"wp-block-media-text__media\"><a href=\"https:\/\/anciens2rpima.fr\/wp-content\/uploads\/2026\/04\/MONTORIO.jpg\" target=\"_blank\" rel=\" noreferrer noopener\"><img loading=\"lazy\" decoding=\"async\" width=\"491\" height=\"388\" src=\"https:\/\/anciens2rpima.fr\/wp-content\/uploads\/2026\/04\/MONTORIO.jpg\" alt=\"\" class=\"wp-image-4431 size-full\" srcset=\"https:\/\/anciens2rpima.fr\/wp-content\/uploads\/2026\/04\/MONTORIO.jpg 491w, https:\/\/anciens2rpima.fr\/wp-content\/uploads\/2026\/04\/MONTORIO-300x237.jpg 300w, https:\/\/anciens2rpima.fr\/wp-content\/uploads\/2026\/04\/MONTORIO-200x158.jpg 200w\" sizes=\"(max-width: 491px) 100vw, 491px\" \/><\/a><\/figure><div class=\"wp-block-media-text__content\">\n<p class=\"has-text-align-left\" style=\"font-size:15px\">Sergent-chef Florian MONTORIO tomb\u00e9 en mission au Liban le 18\/04\/26. Hommage \u00e0 ce sous-officier du <a href=\"https:\/\/www.facebook.com\/17eRGP?locale=fr_FR\" target=\"_blank\" rel=\"noopener\" title=\"\"><strong>17e RGP<\/strong><\/a> ( 17e R\u00e9giment du G\u00e9nie Parachutiste ) de Montauban, toutes nos pens\u00e9es vont aux familles de ce brave. Que Saint Michel t&rsquo;accueille sous son aile. Nous souhaitons un prompt r\u00e9tablissement aux camarades soldats bless\u00e9s.<\/p>\n<\/div><\/div>\n\n\n\n<p><\/p>\n\n\n\n<div class=\"wp-block-media-text is-stacked-on-mobile has-background\" style=\"background:linear-gradient(135deg,rgb(248,248,248) 0%,rgb(200,200,200) 100%);grid-template-columns:21% auto\"><figure class=\"wp-block-media-text__media\"><a href=\"https:\/\/anciens2rpima.fr\/wp-content\/uploads\/2026\/03\/Adc-Arnaud-Frion-7e-BCA.jpg\" target=\"_blank\" rel=\" noreferrer noopener\"><img loading=\"lazy\" decoding=\"async\" width=\"621\" height=\"581\" src=\"https:\/\/anciens2rpima.fr\/wp-content\/uploads\/2026\/03\/Adc-Arnaud-Frion-7e-BCA.jpg\" alt=\"\" class=\"wp-image-4155 size-full\" srcset=\"https:\/\/anciens2rpima.fr\/wp-content\/uploads\/2026\/03\/Adc-Arnaud-Frion-7e-BCA.jpg 621w, https:\/\/anciens2rpima.fr\/wp-content\/uploads\/2026\/03\/Adc-Arnaud-Frion-7e-BCA-300x281.jpg 300w, https:\/\/anciens2rpima.fr\/wp-content\/uploads\/2026\/03\/Adc-Arnaud-Frion-7e-BCA-200x187.jpg 200w\" sizes=\"(max-width: 621px) 100vw, 621px\" \/><\/a><\/figure><div class=\"wp-block-media-text__content\">\n<p class=\"has-text-align-left\" style=\"font-size:16px\">Adjudant-chef Arnaud FRION tomb\u00e9 en mission en Irak le 12\/03\/26. Hommage \u00e0 ce sous-officier du <strong><a href=\"https:\/\/www.facebook.com\/7eBCA?locale=fr_FR\" target=\"_blank\" rel=\"noopener\" title=\"\">7e BCA<\/a><\/strong> ( 7eme Bataillon de Chasseurs Alpins ) de Varces, toutes nos pens\u00e9es vont aux familles de ce brave. Nous souhaitons un prompt r\u00e9tablissement aux camarades soldats bless\u00e9s.<\/p>\n<\/div><\/div>\n\n\n\n<p><\/p>\n\n\n\n<div class=\"wp-block-media-text is-stacked-on-mobile\" style=\"grid-template-columns:31% auto\"><figure class=\"wp-block-media-text__media\"><a href=\"https:\/\/www.youtube.com\/watch?v=YI7NgDZuhkY\" target=\"_blank\" rel=\" noreferrer noopener\"><img loading=\"lazy\" decoding=\"async\" width=\"895\" height=\"443\" src=\"https:\/\/anciens2rpima.fr\/wp-content\/uploads\/2026\/03\/Clip-IA-Commandos-Ponchardier-de-Michel-Zannelli.jpg\" alt=\"\" class=\"wp-image-4312 size-full\" srcset=\"https:\/\/anciens2rpima.fr\/wp-content\/uploads\/2026\/03\/Clip-IA-Commandos-Ponchardier-de-Michel-Zannelli.jpg 895w, https:\/\/anciens2rpima.fr\/wp-content\/uploads\/2026\/03\/Clip-IA-Commandos-Ponchardier-de-Michel-Zannelli-300x148.jpg 300w, https:\/\/anciens2rpima.fr\/wp-content\/uploads\/2026\/03\/Clip-IA-Commandos-Ponchardier-de-Michel-Zannelli-768x380.jpg 768w, https:\/\/anciens2rpima.fr\/wp-content\/uploads\/2026\/03\/Clip-IA-Commandos-Ponchardier-de-Michel-Zannelli-200x99.jpg 200w\" sizes=\"(max-width: 895px) 100vw, 895px\" \/><\/a><\/figure><div class=\"wp-block-media-text__content\">\n<p class=\"has-text-align-left\" style=\"font-size:15px\">D\u00e9couvrez le clip \u00ab\u00a0\u00c0 la vie, \u00c0 la mort\u00a0\u00bb LIGNE 2 MIRE, Production de : SAS EXALTAK &#8211; Association <a href=\"https:\/\/www.facebook.com\/Ponchardier?__cft__[0]=AZYh8VtNJCceWheDNyzL61M4YByfoH8zG4HHHYoOu7vTWO1l0Fm_KcLIRPC8ZRqeBmrunW9NkVSqWjTtquLCFxoWW2uI6ZRRIwUt5lfeTumDL33EchUskvjo02JMRkciYM8yJ0pld7yw0sA22nx-aHRHGg30O8V5lXHIfGpLYkYPYsdIWK7R-7j3_N6GigN1EKzdbrBPWNa6h21soloxcLTu&amp;__tn__=-UC%2CP-R\"><strong>Les Commandos de Ponchardier<\/strong><\/a> &#8211; <em>Merci \u00e0 Michel Zannelli.<\/em><\/p>\n<\/div><\/div>\n\n\n\n<p><\/p>\n\n\n\n<p class=\"has-text-align-center\" style=\"font-size:16px\"><strong>O<\/strong>uvrage \u00e0 d\u00e9couvrir en 2026 &#8211; \u00ab\u00a0Retour sous les drapeaux\u00a0\u00bb &#8211; de A. Jakubiak du 2e RPIMa.<\/p>\n\n\n\n<div class=\"wp-block-group has-background is-layout-grid wp-container-core-group-is-layout-4d858cb8 wp-block-group-is-layout-grid\" style=\"background:linear-gradient(135deg,rgba(6,205,255,0.35) 0%,rgb(237,187,187) 100%)\">\n<figure data-wp-context=\"{&quot;imageId&quot;:&quot;69f72fa7a3a5e&quot;}\" data-wp-interactive=\"core\/image\" data-wp-key=\"69f72fa7a3a5e\" class=\"wp-block-image size-full is-resized is-style-default wp-container-content-e269605d wp-lightbox-container\"><img loading=\"lazy\" decoding=\"async\" width=\"329\" height=\"520\" data-wp-class--hide=\"state.isContentHidden\" data-wp-class--show=\"state.isContentVisible\" data-wp-init=\"callbacks.setButtonStyles\" data-wp-on--click=\"actions.showLightbox\" data-wp-on--load=\"callbacks.setButtonStyles\" data-wp-on-window--resize=\"callbacks.setButtonStyles\" src=\"https:\/\/anciens2rpima.fr\/wp-content\/uploads\/2026\/02\/Livre-Ouvrage-du-Lcl-Jakubiak.png\" alt=\"\" class=\"wp-image-3879\" style=\"width:167px;height:auto\" srcset=\"https:\/\/anciens2rpima.fr\/wp-content\/uploads\/2026\/02\/Livre-Ouvrage-du-Lcl-Jakubiak.png 329w, https:\/\/anciens2rpima.fr\/wp-content\/uploads\/2026\/02\/Livre-Ouvrage-du-Lcl-Jakubiak-190x300.png 190w, https:\/\/anciens2rpima.fr\/wp-content\/uploads\/2026\/02\/Livre-Ouvrage-du-Lcl-Jakubiak-127x200.png 127w\" sizes=\"(max-width: 329px) 100vw, 329px\" \/><button\n\t\t\tclass=\"lightbox-trigger\"\n\t\t\ttype=\"button\"\n\t\t\taria-haspopup=\"dialog\"\n\t\t\taria-label=\"Agrandir\"\n\t\t\tdata-wp-init=\"callbacks.initTriggerButton\"\n\t\t\tdata-wp-on--click=\"actions.showLightbox\"\n\t\t\tdata-wp-style--right=\"state.imageButtonRight\"\n\t\t\tdata-wp-style--top=\"state.imageButtonTop\"\n\t\t>\n\t\t\t<svg xmlns=\"http:\/\/www.w3.org\/2000\/svg\" width=\"12\" height=\"12\" fill=\"none\" viewBox=\"0 0 12 12\">\n\t\t\t\t<path fill=\"#fff\" d=\"M2 0a2 2 0 0 0-2 2v2h1.5V2a.5.5 0 0 1 .5-.5h2V0H2Zm2 10.5H2a.5.5 0 0 1-.5-.5V8H0v2a2 2 0 0 0 2 2h2v-1.5ZM8 12v-1.5h2a.5.5 0 0 0 .5-.5V8H12v2a2 2 0 0 1-2 2H8Zm2-12a2 2 0 0 1 2 2v2h-1.5V2a.5.5 0 0 0-.5-.5H8V0h2Z\" \/>\n\t\t\t<\/svg>\n\t\t<\/button><\/figure>\n\n\n\n<p class=\"has-text-align-left wp-container-content-e269605d\" style=\"font-size:12px\"><strong>Synopsis :<\/strong> Le retour de la guerre aux portes de l\u2019Europe questionne l\u2019\u00c9tat, la nation et son arm\u00e9e sur notre capacit\u00e9 \u00e0 faire face \u00e0 une attaque majeure, un choc d\u2019\u00e9tat contre \u00e9tat, une guerre totale.<br>Ainsi, le choix fran\u00e7ais d\u2019une arm\u00e9e professionnelle de faible taille cens\u00e9e \u00eatre bien \u00e9quip\u00e9e et bien entrain\u00e9e, poss\u00e9dant une sup\u00e9riorit\u00e9 technologique est questionn\u00e9 par la&#8230;.<\/p>\n\n\n\n<p class=\"has-text-align-left wp-container-content-e269605d\" style=\"font-size:12px\">&#8230;force du nombre et la logique de stock. Simultan\u00e9ment, la France connait une crise de mod\u00e8le social et identitaire sans pr\u00e9c\u00e9dent. La classe politique, nombre d\u2019intellectuels et journalistes, se sont empar\u00e9s de ces th\u00e8mes en soulignant les carences d\u2019\u00e9ducation et les tentations communautaristes d\u2019une frange de la jeunesse, qui connait mal les valeurs de la&#8230;<\/p>\n\n\n\n<p class=\"has-text-align-left wp-container-content-e269605d\" style=\"font-size:12px\">&#8230;.R\u00e9publique voire ne s\u2019y reconnait pas. C&rsquo;est ainsi que progressivement mais inexorablement \u00e9merge \u00e0 nouveau le th\u00e8me de la r\u00e9activation du service militaire obligatoire qui, de par son caract\u00e8re \u00ab totalisant \u00bb, peut-\u00eatre pr\u00e9sent\u00e9 comme une double solution au besoin d\u2019une masse de man\u0153uvre militaire et aux maux dont souffrirait une partie de la soci\u00e9t\u00e9.<\/p>\n\n\n\n<p class=\"has-text-align-left wp-container-content-ba7fdeb7\" style=\"font-size:12px\"><strong><mark style=\"background-color:#0693e3\" class=\"has-inline-color has-white-color\">A propos de l\u2019auteur&nbsp;:<\/mark><\/strong> &nbsp;<strong>Alexandre Jakubiak,<\/strong>&nbsp;actuellement commandant en second du 2<sup>e<\/sup>&nbsp;RPIMa, est officier sup\u00e9rieur dans l\u2019arm\u00e9e de Terre au sein de laquelle il a plus particuli\u00e8rement servi dans l\u2019arme des troupes de marine et des parachutistes depuis plus de vingt ans. C\u2019est lors d\u2019une affectation longue dur\u00e9e en Guadeloupe au sein du Service Militaire Adapt\u00e9 que d\u00e9bute sa r\u00e9flexion sur le Service National. Son parcours op\u00e9rationnel et son exp\u00e9rience de la formation militaire lui permettent de livrer une analyse pragmatique de la question.&nbsp; C\u2019est sous l\u2019angle de l\u2019Histoire, de la sociologie et de la strat\u00e9gie militaire que l\u2019auteur aborde ce sujet fondamental.<\/p>\n<\/div>\n\n\n\n<p><\/p>\n\n\n\n<div class=\"wp-block-media-text is-stacked-on-mobile\" style=\"grid-template-columns:37% auto\"><figure class=\"wp-block-media-text__media\"><a href=\"https:\/\/www.youtube.com\/watch?v=0rJTh7eIox8\" target=\"_blank\" rel=\" noreferrer noopener\"><img loading=\"lazy\" decoding=\"async\" width=\"1024\" height=\"686\" src=\"https:\/\/anciens2rpima.fr\/wp-content\/uploads\/2026\/02\/Grand_Saint_Louis-Fournier_400-ans-de-la-Marine-nationale-1024x686.jpg\" alt=\"\" class=\"wp-image-3923 size-full\" srcset=\"https:\/\/anciens2rpima.fr\/wp-content\/uploads\/2026\/02\/Grand_Saint_Louis-Fournier_400-ans-de-la-Marine-nationale-1024x686.jpg 1024w, https:\/\/anciens2rpima.fr\/wp-content\/uploads\/2026\/02\/Grand_Saint_Louis-Fournier_400-ans-de-la-Marine-nationale-300x201.jpg 300w, https:\/\/anciens2rpima.fr\/wp-content\/uploads\/2026\/02\/Grand_Saint_Louis-Fournier_400-ans-de-la-Marine-nationale-768x515.jpg 768w, https:\/\/anciens2rpima.fr\/wp-content\/uploads\/2026\/02\/Grand_Saint_Louis-Fournier_400-ans-de-la-Marine-nationale-200x134.jpg 200w, https:\/\/anciens2rpima.fr\/wp-content\/uploads\/2026\/02\/Grand_Saint_Louis-Fournier_400-ans-de-la-Marine-nationale-370x247.jpg 370w, https:\/\/anciens2rpima.fr\/wp-content\/uploads\/2026\/02\/Grand_Saint_Louis-Fournier_400-ans-de-la-Marine-nationale.jpg 1280w\" sizes=\"(max-width: 1024px) 100vw, 1024px\" \/><\/a><\/figure><div class=\"wp-block-media-text__content\">\n<p style=\"font-size:14px\">En 2026, la <strong>Marine c\u00e9l\u00e8bre ses 400 ans<\/strong>. Institu\u00e9e en <strong>1626<\/strong>, sous l\u2019impulsion du cardinal de Richelieu, notre Marine est n\u00e9e d\u2019une vision audacieuse de la France. Pour accomplir cette vision, la Marine s\u2019est adapt\u00e9e, depuis ses origines, aux d\u00e9fis strat\u00e9giques, technologiques et humains de son temps. &lt;&lt; <mark style=\"background-color:#fcb900\" class=\"has-inline-color\">Cliquez voir la vid\u00e9o <\/mark>!<\/p>\n\n\n\n<p style=\"font-size:13px\">Ci-contre : Le Grand-Saint-Louis, vaisseau achet\u00e9 en Hollande en 1627.<\/p>\n<\/div><\/div>\n\n\n\n<div class=\"wp-block-media-text is-stacked-on-mobile\" style=\"grid-template-columns:37% auto\"><figure class=\"wp-block-media-text__media\"><a href=\"https:\/\/www.youtube.com\/watch?v=kV0BYH6M6DU\" target=\"_blank\" rel=\" noreferrer noopener\"><img loading=\"lazy\" decoding=\"async\" width=\"747\" height=\"429\" src=\"https:\/\/anciens2rpima.fr\/wp-content\/uploads\/2026\/03\/Verdun-1916-110e-anniversaire.jpg\" alt=\"\" class=\"wp-image-4100 size-full\" srcset=\"https:\/\/anciens2rpima.fr\/wp-content\/uploads\/2026\/03\/Verdun-1916-110e-anniversaire.jpg 747w, https:\/\/anciens2rpima.fr\/wp-content\/uploads\/2026\/03\/Verdun-1916-110e-anniversaire-300x172.jpg 300w, https:\/\/anciens2rpima.fr\/wp-content\/uploads\/2026\/03\/Verdun-1916-110e-anniversaire-200x115.jpg 200w\" sizes=\"(max-width: 747px) 100vw, 747px\" \/><\/a><\/figure><div class=\"wp-block-media-text__content\">\n<p style=\"font-size:14px\"><strong>FEVRIER 1916<\/strong>,&nbsp;il y a 110 ans d\u00e9j\u00e0, les allemands d\u00e9clenchent une offensive d&rsquo;envergure dans la Meuse.&nbsp;La bataille de Verdun commence. Elle reste la plus meurtri\u00e8re et la plus effroyable des batailles de la Premi\u00e8re Guerre mondiale. Face \u00e0 face :<\/p>\n\n\n\n<p style=\"font-size:14px\">FR = 1,14 million de soldats &#8211; 281 pi\u00e8ces d&rsquo;artillerie.<\/p>\n\n\n\n<p style=\"font-size:14px\">D = 1,25 million de soldats &#8211; 1257 pi\u00e8ces d&rsquo;artillerie.<\/p>\n<\/div><\/div>\n\n\n\n<p><\/p>\n\n\n\n<p class=\"has-text-align-center\"><em>L&rsquo;arme du Mat\u00e9riel garantit la disponibilit\u00e9 de nos \u00e9quipements, toujours et partout, en tous temps, en tous lieux ! <a href=\"https:\/\/anciens2rpima.fr\/wp-content\/uploads\/2026\/02\/N-86-Ordre-du-jour-50-ans-Materiel.pdf\" target=\"_blank\" rel=\"noopener\" title=\"\">Les 50 ans de l&rsquo;Arme par le g\u00e9n\u00e9ral Schill CEMAT<\/a> !<\/em><\/p>\n\n\n\n<figure class=\"wp-block-video aligncenter\"><video height=\"1080\" style=\"aspect-ratio: 1920 \/ 1080;\" width=\"1920\" controls src=\"https:\/\/anciens2rpima.fr\/wp-content\/uploads\/2026\/02\/50-ans-du-MATERIEL-Cie-de-Maintenance.mp4\"><\/video><figcaption class=\"wp-element-caption\"><mark style=\"background-color:rgba(0, 0, 0, 0);color:#00659f\" class=\"has-inline-color\"><strong>1976 &#8211; 2026<\/strong> # <a href=\"https:\/\/x.com\/CEMAT_FR\/status\/2017267426837074431\" target=\"_blank\" rel=\"noopener\" title=\"\">50 ANS de l&rsquo;Arme du Mat\u00e9riel<\/a> &#8211; <a href=\"https:\/\/anciens2rpima.fr\/wp-content\/uploads\/2026\/02\/MATERIEL-50-ANS-1-e1771602186511.jpg\" target=\"_blank\" rel=\"noopener\" title=\"\">Since 1944<\/a> par le g\u00e9n\u00e9ral <a href=\"https:\/\/fr.wikipedia.org\/wiki\/Louis_Gentil_(militaire)\" target=\"_blank\" rel=\"noopener\" title=\"\">Louis Gentil<\/a>.<\/mark> La <strong>CIE de MAINT<\/strong> du \u00ab\u00a0<strong>2<\/strong>\u00a0\u00bb &#8211; \u00ab\u00a0<strong>S\u0473ut\u025b\u0273i\u0280&nbsp;S\u0251\u0273\u0e23&nbsp;Su\u0253i\u0280<\/strong>\u00a0\u00bb ! Issue du 53e BCS bas\u00e9e \u00e0 Ste Clotilde, install\u00e9e \u00e0 Pierrefonds en 2003.<\/figcaption><\/figure>\n\n\n\n<p><\/p>\n\n\n\n<div class=\"wp-block-media-text is-stacked-on-mobile\" style=\"grid-template-columns:19% auto\"><figure class=\"wp-block-media-text__media\"><a href=\"https:\/\/www.veterans.re\/\" target=\"_blank\" rel=\" noreferrer noopener\"><img loading=\"lazy\" decoding=\"async\" width=\"384\" height=\"355\" src=\"https:\/\/anciens2rpima.fr\/wp-content\/uploads\/2026\/02\/NOUVEAU-LOGO-MAMM-CADRE-VERT-OLIVE-reduit.jpg\" alt=\"\" class=\"wp-image-3955 size-full\" srcset=\"https:\/\/anciens2rpima.fr\/wp-content\/uploads\/2026\/02\/NOUVEAU-LOGO-MAMM-CADRE-VERT-OLIVE-reduit.jpg 384w, https:\/\/anciens2rpima.fr\/wp-content\/uploads\/2026\/02\/NOUVEAU-LOGO-MAMM-CADRE-VERT-OLIVE-reduit-300x277.jpg 300w, https:\/\/anciens2rpima.fr\/wp-content\/uploads\/2026\/02\/NOUVEAU-LOGO-MAMM-CADRE-VERT-OLIVE-reduit-200x185.jpg 200w\" sizes=\"(max-width: 384px) 100vw, 384px\" \/><\/a><\/figure><div class=\"wp-block-media-text__content\">\n<p class=\"has-text-align-left\" style=\"font-size:17px\">A suivre, accompagner soutenir et d\u00e9couvrir pleinement dans un futur proche, le Mus\u00e9e des V\u00e9t\u00e9rans au TAMPON \u00e0 la R\u00e9union. Repr\u00e9sentants de l&rsquo;association \u201c<strong><mark style=\"background-color:rgba(0, 0, 0, 0)\" class=\"has-inline-color has-luminous-vivid-orange-color\">Mi Aime Mon Mus\u00e9<\/mark><\/strong>\u201d, monsieur Le Pimpec passionn\u00e9 d&rsquo;histoire, son pr\u00e9sident et les membres du bureau vous conseilleront pour promouvoir et visiter ce mus\u00e9e &#8211; &lt;&lt;&lt;<mark style=\"background-color:#f4b300\" class=\"has-inline-color\">Cliquer sur le logo<\/mark> !<\/p>\n<\/div><\/div>\n\n\n\n<p><\/p>\n\n\n\n<div class=\"wp-block-group has-pale-ocean-gradient-background has-background is-content-justification-space-between is-nowrap is-layout-flex wp-container-core-group-is-layout-0dfbf163 wp-block-group-is-layout-flex\">\n<div class=\"wp-block-group is-content-justification-space-between is-layout-flex wp-container-core-group-is-layout-e3bc7287 wp-block-group-is-layout-flex\">\n<p class=\"has-text-align-center\" style=\"font-size:17px\"><em><mark style=\"background-color:#002ea3\" class=\"has-inline-color has-white-color\"><strong>-ORION 2026 <\/strong><\/mark>&#8211; Exercice militaire majeur interarm\u00e9es et international<\/em>, <em>organis\u00e9 du 8 f\u00e9vrier au 30 avril&nbsp;sur quinze d\u00e9partements de l&rsquo;hexagone !<\/em><\/p>\n\n\n\n<p class=\"has-text-align-center\" style=\"font-size:15px\"><strong>O<\/strong>p\u00e9ration de grande envergure pour des arm\u00e9es&nbsp;<strong>R<\/strong>\u00e9silientes,&nbsp;<strong>I<\/strong>nterop\u00e9rables,&nbsp;<strong>O<\/strong>rient\u00e9es vers le combat de haute intensit\u00e9 et&nbsp;<strong>N<\/strong>ovatrices<\/p>\n<\/div>\n<\/div>\n\n\n\n<div class=\"wp-block-group has-pale-ocean-gradient-background has-background is-content-justification-space-between is-nowrap is-layout-flex wp-container-core-group-is-layout-0dfbf163 wp-block-group-is-layout-flex\">\n<figure class=\"wp-block-image size-full is-resized\"><a href=\"https:\/\/www.youtube.com\/watch?v=MMW4La9York\" target=\"_blank\" rel=\" noreferrer noopener\"><img loading=\"lazy\" decoding=\"async\" width=\"212\" height=\"168\" src=\"https:\/\/anciens2rpima.fr\/wp-content\/uploads\/2026\/02\/Orion-26.jpg\" alt=\"\" class=\"wp-image-4070\" style=\"width:125px;height:auto\" srcset=\"https:\/\/anciens2rpima.fr\/wp-content\/uploads\/2026\/02\/Orion-26.jpg 212w, https:\/\/anciens2rpima.fr\/wp-content\/uploads\/2026\/02\/Orion-26-200x158.jpg 200w\" sizes=\"(max-width: 212px) 100vw, 212px\" \/><\/a><\/figure>\n\n\n\n<figure class=\"wp-block-image size-full is-resized\"><a href=\"https:\/\/www.youtube.com\/watch?v=tyr4tth2Lj4\" target=\"_blank\" rel=\" noreferrer noopener\"><img loading=\"lazy\" decoding=\"async\" width=\"347\" height=\"207\" src=\"https:\/\/anciens2rpima.fr\/wp-content\/uploads\/2026\/02\/Orion-26-1-1.jpg\" alt=\"\" class=\"wp-image-4074\" style=\"aspect-ratio:1.6767377984365097;width:133px;height:auto\" srcset=\"https:\/\/anciens2rpima.fr\/wp-content\/uploads\/2026\/02\/Orion-26-1-1.jpg 347w, https:\/\/anciens2rpima.fr\/wp-content\/uploads\/2026\/02\/Orion-26-1-1-300x179.jpg 300w, https:\/\/anciens2rpima.fr\/wp-content\/uploads\/2026\/02\/Orion-26-1-1-200x119.jpg 200w\" sizes=\"(max-width: 347px) 100vw, 347px\" \/><\/a><\/figure>\n\n\n\n<figure class=\"wp-block-image size-full is-resized\"><a href=\"https:\/\/www.youtube.com\/watch?v=HdU-Y6wbS9g\" target=\"_blank\" rel=\" noreferrer noopener\"><img loading=\"lazy\" decoding=\"async\" width=\"342\" height=\"287\" src=\"https:\/\/anciens2rpima.fr\/wp-content\/uploads\/2026\/02\/Orion-26-2.jpg\" alt=\"\" class=\"wp-image-4077\" style=\"width:136px;height:auto\" srcset=\"https:\/\/anciens2rpima.fr\/wp-content\/uploads\/2026\/02\/Orion-26-2.jpg 342w, https:\/\/anciens2rpima.fr\/wp-content\/uploads\/2026\/02\/Orion-26-2-300x252.jpg 300w, https:\/\/anciens2rpima.fr\/wp-content\/uploads\/2026\/02\/Orion-26-2-200x168.jpg 200w\" sizes=\"(max-width: 342px) 100vw, 342px\" \/><\/a><\/figure>\n\n\n\n<figure class=\"wp-block-image size-full is-resized\"><a href=\"https:\/\/www.youtube.com\/watch?v=jVsbFnr4uEU\" target=\"_blank\" rel=\" noreferrer noopener\"><img loading=\"lazy\" decoding=\"async\" width=\"319\" height=\"264\" src=\"https:\/\/anciens2rpima.fr\/wp-content\/uploads\/2026\/02\/Orion-26-3.jpg\" alt=\"\" class=\"wp-image-4079\" style=\"aspect-ratio:1.2085314495313138;width:137px;height:auto\" srcset=\"https:\/\/anciens2rpima.fr\/wp-content\/uploads\/2026\/02\/Orion-26-3.jpg 319w, https:\/\/anciens2rpima.fr\/wp-content\/uploads\/2026\/02\/Orion-26-3-300x248.jpg 300w, https:\/\/anciens2rpima.fr\/wp-content\/uploads\/2026\/02\/Orion-26-3-200x166.jpg 200w\" sizes=\"(max-width: 319px) 100vw, 319px\" \/><\/a><\/figure>\n\n\n\n<figure class=\"wp-block-image size-full is-resized\"><a href=\"https:\/\/www.youtube.com\/watch?v=3cjqiawEqpQ\" target=\"_blank\" rel=\" noreferrer noopener\"><img loading=\"lazy\" decoding=\"async\" width=\"326\" height=\"233\" src=\"https:\/\/anciens2rpima.fr\/wp-content\/uploads\/2026\/02\/Orion-26-4.jpg\" alt=\"\" class=\"wp-image-4081\" style=\"aspect-ratio:1.3992395437262357;width:146px;height:auto\" srcset=\"https:\/\/anciens2rpima.fr\/wp-content\/uploads\/2026\/02\/Orion-26-4.jpg 326w, https:\/\/anciens2rpima.fr\/wp-content\/uploads\/2026\/02\/Orion-26-4-300x214.jpg 300w, https:\/\/anciens2rpima.fr\/wp-content\/uploads\/2026\/02\/Orion-26-4-200x143.jpg 200w\" sizes=\"(max-width: 326px) 100vw, 326px\" \/><\/a><\/figure>\n<\/div>\n\n\n\n<p><\/p>\n\n\n\n<div class=\"wp-block-media-text is-stacked-on-mobile\" style=\"grid-template-columns:32% auto\"><figure class=\"wp-block-media-text__media\"><a href=\"https:\/\/www.youtube.com\/watch?v=GXvus5MUQ-M\" target=\"_blank\" rel=\" noreferrer noopener\"><img loading=\"lazy\" decoding=\"async\" width=\"721\" height=\"603\" src=\"https:\/\/anciens2rpima.fr\/wp-content\/uploads\/2026\/03\/Dissuasion-nucleaire.jpg\" alt=\"\" class=\"wp-image-4107 size-full\" srcset=\"https:\/\/anciens2rpima.fr\/wp-content\/uploads\/2026\/03\/Dissuasion-nucleaire.jpg 721w, https:\/\/anciens2rpima.fr\/wp-content\/uploads\/2026\/03\/Dissuasion-nucleaire-300x251.jpg 300w, https:\/\/anciens2rpima.fr\/wp-content\/uploads\/2026\/03\/Dissuasion-nucleaire-200x167.jpg 200w\" sizes=\"(max-width: 721px) 100vw, 721px\" \/><\/a><\/figure><div class=\"wp-block-media-text__content\">\n<p class=\"has-text-align-left\" style=\"font-size:15px\"># <strong>D<\/strong>ans un contexte strat\u00e9gique profond\u00e9ment d\u00e9grad\u00e9, comprendre la dissuasion nucl\u00e9aire fran\u00e7aise, c\u2019est comprendre un fondement de la s\u00e9curit\u00e9 nationale et de la stabilit\u00e9 europ\u00e9enne. Un documentaire p\u00e9dagogique de 16 min tr\u00e8s int\u00e9ressant du MINARM expliquant simplement les 5 caract\u00e9ristiques fondamentales de la dissuasion nucl\u00e9aire !<\/p>\n<\/div><\/div>\n\n\n\n<p><\/p>\n\n\n\n<div class=\"wp-block-media-text is-stacked-on-mobile\" style=\"grid-template-columns:32% auto\"><figure class=\"wp-block-media-text__media\"><a href=\"https:\/\/www.youtube.com\/watch?v=pe6Wvv1opys\" target=\"_blank\" rel=\" noreferrer noopener\"><img loading=\"lazy\" decoding=\"async\" width=\"572\" height=\"366\" src=\"https:\/\/anciens2rpima.fr\/wp-content\/uploads\/2026\/03\/Fregate-Amiral-Ronarch.jpg\" alt=\"\" class=\"wp-image-4146 size-full\" srcset=\"https:\/\/anciens2rpima.fr\/wp-content\/uploads\/2026\/03\/Fregate-Amiral-Ronarch.jpg 572w, https:\/\/anciens2rpima.fr\/wp-content\/uploads\/2026\/03\/Fregate-Amiral-Ronarch-300x192.jpg 300w, https:\/\/anciens2rpima.fr\/wp-content\/uploads\/2026\/03\/Fregate-Amiral-Ronarch-200x128.jpg 200w, https:\/\/anciens2rpima.fr\/wp-content\/uploads\/2026\/03\/Fregate-Amiral-Ronarch-570x366.jpg 570w\" sizes=\"(max-width: 572px) 100vw, 572px\" \/><\/a><\/figure><div class=\"wp-block-media-text__content\">\n<p class=\"has-text-align-left\" style=\"font-size:15px\"><strong>A<\/strong> d\u00e9couvrir : la FREGATE FDI (Fr\u00e9gate de D\u00e9fense et d&rsquo;Intervention) <strong>l&rsquo;Amiral Ronarc&rsquo;h D660<\/strong> nouvelle classe de fr\u00e9gates, sortie fin 2025. Son \u00e9trave invers\u00e9e, son look du futur, abandonnant les radars lambdas pour le module PSIM (Panoramic Sensors and Intelligence&nbsp;Module) et sa vision absolue (Sea Fire) 4&nbsp;460&nbsp;tonnes pour 122m de long de puissance.<\/p>\n<\/div><\/div>\n\n\n\n<div class=\"wp-block-media-text is-stacked-on-mobile\" style=\"grid-template-columns:32% auto\"><figure class=\"wp-block-media-text__media\"><a href=\"https:\/\/www.youtube.com\/watch?v=giRhMFPOXfo\" target=\"_blank\" rel=\" noreferrer noopener\"><img loading=\"lazy\" decoding=\"async\" width=\"994\" height=\"600\" src=\"https:\/\/anciens2rpima.fr\/wp-content\/uploads\/2026\/04\/SNLE-3G-Linvincible-prevu-en-2036-1.jpg\" alt=\"\" class=\"wp-image-4376 size-full\" srcset=\"https:\/\/anciens2rpima.fr\/wp-content\/uploads\/2026\/04\/SNLE-3G-Linvincible-prevu-en-2036-1.jpg 994w, https:\/\/anciens2rpima.fr\/wp-content\/uploads\/2026\/04\/SNLE-3G-Linvincible-prevu-en-2036-1-300x181.jpg 300w, https:\/\/anciens2rpima.fr\/wp-content\/uploads\/2026\/04\/SNLE-3G-Linvincible-prevu-en-2036-1-768x464.jpg 768w, https:\/\/anciens2rpima.fr\/wp-content\/uploads\/2026\/04\/SNLE-3G-Linvincible-prevu-en-2036-1-200x121.jpg 200w\" sizes=\"(max-width: 994px) 100vw, 994px\" \/><\/a><\/figure><div class=\"wp-block-media-text__content\">\n<p class=\"has-text-align-left\" style=\"font-size:15px\"><strong>A<\/strong> visualiser : le premier des quatre futurs Sous-Marins Nucl\u00e9aires Lanceurs d\u2019Engins de troisi\u00e8me g\u00e9n\u00e9ration (SNLE-3G) actuellement en chantier, de son nom et classe \u00ab\u00a0<strong>L&rsquo;INVINCIBLE<\/strong>\u00a0\u00bb &#8211; Construit en acier alli\u00e9 HLES-10, coque en rev\u00eatement en tuile an\u00e9cho\u00efque, furtivit\u00e9. Il fera : 147m de long et 15000 T &#8211; profondeur 500m &#8211; avec ses 16 missiles balistiques M51.3. Pr\u00e9vu en mer en 2037.<\/p>\n<\/div><\/div>\n\n\n\n<p><\/p>\n\n\n\n<div class=\"wp-block-media-text is-stacked-on-mobile\" style=\"grid-template-columns:32% auto\"><figure class=\"wp-block-media-text__media\"><a href=\"https:\/\/www.youtube.com\/watch?v=S_f34imLeqE\" target=\"_blank\" rel=\" noreferrer noopener\"><img loading=\"lazy\" decoding=\"async\" width=\"1024\" height=\"594\" src=\"https:\/\/anciens2rpima.fr\/wp-content\/uploads\/2026\/03\/PANG-France-Libre-1024x594.jpg\" alt=\"\" class=\"wp-image-4248 size-full\" srcset=\"https:\/\/anciens2rpima.fr\/wp-content\/uploads\/2026\/03\/PANG-France-Libre-1024x594.jpg 1024w, https:\/\/anciens2rpima.fr\/wp-content\/uploads\/2026\/03\/PANG-France-Libre-300x174.jpg 300w, https:\/\/anciens2rpima.fr\/wp-content\/uploads\/2026\/03\/PANG-France-Libre-768x446.jpg 768w, https:\/\/anciens2rpima.fr\/wp-content\/uploads\/2026\/03\/PANG-France-Libre-200x116.jpg 200w, https:\/\/anciens2rpima.fr\/wp-content\/uploads\/2026\/03\/PANG-France-Libre.jpg 1115w\" sizes=\"(max-width: 1024px) 100vw, 1024px\" \/><\/a><\/figure><div class=\"wp-block-media-text__content\">\n<p class=\"has-text-align-left\" style=\"font-size:17px\">Projet 2038 &#8211; Le PAN-NG (Porte Avion Nouvelle G\u00e9n\u00e9ration) dont le nom officiel de bapt\u00eame annonc\u00e9 par le Pr\u00e9sident de la R\u00e9publique sera la \u00ab\u00a0<strong>France Libre<\/strong>\u00ab\u00a0. 310m &#8211; 78000 T de puissance dernier cri.<\/p>\n<\/div><\/div>\n\n\n\n<p class=\"has-text-align-center\">\u2014\u2014\u2014\u2014\u2013 = \u2014\u2014\u2014\u2014\u2013<\/p>\n\n\n\n<p class=\"has-text-align-center\"><a href=\"https:\/\/anciens2rpima.fr\/index.php\/contact\/\" target=\"_blank\" rel=\"noopener\" title=\"Contact\">Nous contacter !<\/a><\/p>\n\n\n\n<p class=\"has-text-align-center\">\u2014\u2014\u2014\u2014\u2013 = \u2014\u2014\u2014\u2014\u2013<\/p>\n\n\n\n<p>Anciens du 2<sup>e<\/sup>&nbsp;RPIMa et vous qui vous int\u00e9ressez \u00e0 ce R\u00e9giment et \u00e0 son Amicale.<\/p>\n\n\n\n<p>Depuis sa cr\u00e9ation, nous n\u2019avons pas eu l\u2019occasion de vous pr\u00e9senter <\/p>\n\n\n\n<p><strong>votre Amicale<\/strong>. <\/p>\n\n\n\n<p>Nous y sommes tous attach\u00e9s et fiers de la servir depuis 2013.<\/p>\n\n\n\n<p>Nous voulons, \u00e0 travers elle, honorer nos Anciens qui ont su mettre \u00e0 l\u2019honneur la belle devise du R\u00e9giment<\/p>\n\n\n\n<p> \u00ab&nbsp;Ne pas subir&nbsp;\u00bb et relever tous les d\u00e9fis.<\/p>\n\n\n\n<p>Pour ceux qui souhaiteraient nous rejoindre, vous trouverez sur ce site nos statuts, le r\u00e8glement int\u00e9rieur et un formulaire d\u2019inscription.<\/p>\n\n\n\n<p><mark style=\"background-color:#ff6900\" class=\"has-inline-color has-black-color\"><em>&#8212;&gt; <strong>Les derniers articles mis \u00e0 jour :<\/strong><\/em><\/mark><\/p>\n\n\n<ul style=\"background:radial-gradient(rgba(255,245,204,0.81) 0%,rgb(226,227,182) 50%,rgb(11,149,164) 100%);\" class=\"wp-block-latest-posts__list has-dates wp-block-latest-posts has-background\"><li><a class=\"wp-block-latest-posts__post-title\" href=\"https:\/\/anciens2rpima.fr\/index.php\/2026\/04\/23\/operation-azalee-comores-1995-96\/\">Op\u00e9ration \u00ab\u00a0Azal\u00e9e\u00a0\u00bb Comores 1995\/96<\/a><time datetime=\"2026-04-23T10:15:04+02:00\" class=\"wp-block-latest-posts__post-date\">23 avril, 2026<\/time><\/li>\n<li><a class=\"wp-block-latest-posts__post-title\" href=\"https:\/\/anciens2rpima.fr\/index.php\/2026\/04\/17\/vie-du-regiment\/\">Vie du r\u00e9giment<\/a><time datetime=\"2026-04-17T09:09:52+02:00\" class=\"wp-block-latest-posts__post-date\">17 avril, 2026<\/time><\/li>\n<li><a class=\"wp-block-latest-posts__post-title\" href=\"https:\/\/anciens2rpima.fr\/index.php\/2026\/04\/09\/operation-istoukir-djibouti-1993-94\/\">Op\u00e9ration \u00ab\u00a0Iskoutir\u00a0\u00bb Djibouti 1993\/94<\/a><time datetime=\"2026-04-09T20:45:57+02:00\" class=\"wp-block-latest-posts__post-date\">9 avril, 2026<\/time><\/li>\n<li><a class=\"wp-block-latest-posts__post-title\" href=\"https:\/\/anciens2rpima.fr\/index.php\/2026\/04\/08\/bonjour-tout-le-monde\/\">Exposition \u00eeles \u00e9parses<\/a><time datetime=\"2026-04-08T10:00:46+02:00\" class=\"wp-block-latest-posts__post-date\">8 avril, 2026<\/time><\/li>\n<li><a class=\"wp-block-latest-posts__post-title\" href=\"https:\/\/anciens2rpima.fr\/index.php\/2026\/03\/31\/operation-oside-comores-1989\/\">Op\u00e9ration \u00ab\u00a0Oside\u00a0\u00bb Comores 1989<\/a><time datetime=\"2026-03-31T08:44:28+02:00\" class=\"wp-block-latest-posts__post-date\">31 mars, 2026<\/time><\/li>\n<li><a class=\"wp-block-latest-posts__post-title\" href=\"https:\/\/anciens2rpima.fr\/index.php\/2026\/02\/23\/suez\/\">SUEZ 1956<\/a><time datetime=\"2026-02-23T13:50:49+01:00\" class=\"wp-block-latest-posts__post-date\">23 f\u00e9vrier, 2026<\/time><\/li>\n<\/ul>\n\n\n<p><\/p>\n\n\n\n<p class=\"has-text-align-center\"><mark style=\"background-color:#ff6900\" class=\"has-inline-color\"><strong>&#8212; &gt; ANNONCES FLASH :<\/strong><\/mark><\/p>\n\n\n\n<div class=\"wp-block-file aligncenter\"><a id=\"wp-block-file--media-98a26da0-22af-4f76-9767-472c9d7a19d8\" href=\"https:\/\/anciens2rpima.fr\/wp-content\/uploads\/2025\/08\/LES-POLOS-AMICALE-1.pdf\"><mark style=\"background-color:#fcb900\" class=\"has-inline-color has-black-color\">D\u00e9cembre 2025<\/mark> &gt;&gt; Les POLOS BLANCS de l\u2019AMICALE stock tr\u00e8s limit\u00e9 :<\/a><a href=\"https:\/\/anciens2rpima.fr\/wp-content\/uploads\/2025\/08\/LES-POLOS-AMICALE-1.pdf\" class=\"wp-block-file__button wp-element-button\" download aria-describedby=\"wp-block-file--media-98a26da0-22af-4f76-9767-472c9d7a19d8\">T\u00e9l\u00e9charger<\/a><\/div>\n\n\n\n<p class=\"has-text-align-center\">&#8212;&#8212;&#8212;&#8212;&#8211; = &#8212;&#8212;&#8212;&#8212;&#8211;<\/p>\n\n\n\n<p><strong>Le 2e RPIMa \u00e0 Madagascar 1965 &gt; 1973<\/strong> :<\/p>\n\n\n\n<figure class=\"wp-block-embed aligncenter is-type-video is-provider-youtube wp-block-embed-youtube wp-embed-aspect-16-9 wp-has-aspect-ratio\"><div class=\"wp-block-embed__wrapper\">\n<iframe title=\"le 2e RPIMa \u00e0 Madagascar\" width=\"750\" height=\"422\" src=\"https:\/\/www.youtube.com\/embed\/vgDtKpHY1YY?feature=oembed\" frameborder=\"0\" allow=\"accelerometer; autoplay; clipboard-write; encrypted-media; gyroscope; picture-in-picture; web-share\" referrerpolicy=\"strict-origin-when-cross-origin\" allowfullscreen><\/iframe>\n<\/div><\/figure>\n\n\n\n<p><strong>Installation du 2e RPIMa \u00e0 la R\u00e9union &#8211; 1973 &gt; \u00e0 nos jours &#8230;<\/strong> :<\/p>\n\n\n\n<figure class=\"wp-block-video\"><video height=\"720\" style=\"aspect-ratio: 1280 \/ 720;\" width=\"1280\" controls src=\"https:\/\/anciens2rpima.fr\/wp-content\/uploads\/2026\/03\/Installation-du-2-a-la-Reunion.mp4\"><\/video><\/figure>\n\n\n\n<p><\/p>\n\n\n<div class=\"wp-block-image\">\n<figure class=\"aligncenter size-large\"><img loading=\"lazy\" decoding=\"async\" width=\"683\" height=\"1024\" src=\"https:\/\/anciens2rpima.fr\/wp-content\/uploads\/2024\/05\/2023_ECPAD-683x1024.jpg\" alt=\"\" class=\"wp-image-607\" srcset=\"https:\/\/anciens2rpima.fr\/wp-content\/uploads\/2024\/05\/2023_ECPAD-683x1024.jpg 683w, https:\/\/anciens2rpima.fr\/wp-content\/uploads\/2024\/05\/2023_ECPAD-200x300.jpg 200w, https:\/\/anciens2rpima.fr\/wp-content\/uploads\/2024\/05\/2023_ECPAD-768x1152.jpg 768w, https:\/\/anciens2rpima.fr\/wp-content\/uploads\/2024\/05\/2023_ECPAD-1024x1536.jpg 1024w, https:\/\/anciens2rpima.fr\/wp-content\/uploads\/2024\/05\/2023_ECPAD-1365x2048.jpg 1365w, https:\/\/anciens2rpima.fr\/wp-content\/uploads\/2024\/05\/2023_ECPAD-scaled.jpg 1707w\" sizes=\"(max-width: 683px) 100vw, 683px\" \/><figcaption class=\"wp-element-caption\">D\u00e9fil\u00e9 du 14 juillet 2023<br>A sa t\u00eate le colonel Striffling Fabien<\/figcaption><\/figure>\n<\/div>\n\n\n<p class=\"has-text-align-center\">&#8212;&#8212;&#8212;&#8212;&#8211; = &#8212;&#8212;&#8212;&#8212;&#8211;<\/p>\n\n\n\n<div class=\"wp-block-media-text is-stacked-on-mobile\" style=\"grid-template-columns:27% auto\"><figure class=\"wp-block-media-text__media\"><a class=\"D\u00e9fil\u00e9 du 14 juillet 1957\" href=\"https:\/\/imagesdefense.gouv.fr\/fr\/defile-du-14-juillet-1957-a-paris-1.html\" target=\"_blank\" rel=\" noreferrer noopener\"><img loading=\"lazy\" decoding=\"async\" width=\"1024\" height=\"622\" src=\"https:\/\/anciens2rpima.fr\/wp-content\/uploads\/2025\/03\/Defile-de-1957-a-Paris-2-BCCP-1024x622.jpg\" alt=\"\" class=\"wp-image-1572 size-full\" srcset=\"https:\/\/anciens2rpima.fr\/wp-content\/uploads\/2025\/03\/Defile-de-1957-a-Paris-2-BCCP-1024x622.jpg 1024w, https:\/\/anciens2rpima.fr\/wp-content\/uploads\/2025\/03\/Defile-de-1957-a-Paris-2-BCCP-300x182.jpg 300w, https:\/\/anciens2rpima.fr\/wp-content\/uploads\/2025\/03\/Defile-de-1957-a-Paris-2-BCCP-768x466.jpg 768w, https:\/\/anciens2rpima.fr\/wp-content\/uploads\/2025\/03\/Defile-de-1957-a-Paris-2-BCCP.jpg 1359w\" sizes=\"(max-width: 1024px) 100vw, 1024px\" \/><\/a><\/figure><div class=\"wp-block-media-text__content\">\n<p class=\"has-text-align-center\">Son premier d\u00e9fil\u00e9 le 14 juillet 1957 alors 2e RPC &#8211; A sa t\u00eate le colonel Fossey-Fran\u00e7ois Albert &#8211; &lt;&lt; <mark style=\"background-color:#fcb900\" class=\"has-inline-color has-black-color\">cliquer \u00e0 gauche pour la vid\u00e9o<\/mark> ! <a href=\"https:\/\/anciens2rpima.fr\/wp-content\/uploads\/2024\/11\/La-Priere-du-Para-Cornemuses-et-Paroles-EMIA.mp3\" title=\"Musique chant Pri\u00e8re du Para !\">Accompagnez la vid\u00e9o avec la Pri\u00e8re du Para<\/a> !<\/p>\n<\/div><\/div>\n\n\n\n<p class=\"has-text-align-center\">&#8212;&#8212;&#8212;&#8212;&#8211; = &#8212;&#8212;&#8212;&#8212;&#8211;<\/p>\n\n\n<div class=\"wp-block-image\">\n<figure class=\"aligncenter size-full is-resized\"><a class=\"Qui sont ces hommes ???\" href=\"https:\/\/imagesdefense.gouv.fr\/fr\/qui-sont-ces-hommes.html\" target=\"_blank\" rel=\" noreferrer noopener\"><img loading=\"lazy\" decoding=\"async\" width=\"561\" height=\"363\" src=\"https:\/\/anciens2rpima.fr\/wp-content\/uploads\/2025\/06\/Qui-sont-ses-hommes.jpg\" alt=\"\" class=\"wp-image-2071\" style=\"width:219px;height:auto\" srcset=\"https:\/\/anciens2rpima.fr\/wp-content\/uploads\/2025\/06\/Qui-sont-ses-hommes.jpg 561w, https:\/\/anciens2rpima.fr\/wp-content\/uploads\/2025\/06\/Qui-sont-ses-hommes-300x194.jpg 300w\" sizes=\"(max-width: 561px) 100vw, 561px\" \/><\/a><figcaption class=\"wp-element-caption\">Vid\u00e9o des Arm\u00e9es<\/figcaption><\/figure>\n<\/div>\n\n\n<p class=\"has-text-align-center\">&#8212;&#8212;&#8212;&#8212;&#8211; = &#8212;&#8212;&#8212;&#8212;&#8211;<\/p>\n\n\n\n<div class=\"wp-block-media-text is-stacked-on-mobile\" style=\"grid-template-columns:30% auto\"><figure class=\"wp-block-media-text__media\"><a href=\"https:\/\/www.youtube.com\/watch?v=1zIysGvRm48\" target=\"_blank\" rel=\" noreferrer noopener\"><img loading=\"lazy\" decoding=\"async\" width=\"421\" height=\"298\" src=\"https:\/\/anciens2rpima.fr\/wp-content\/uploads\/2025\/07\/Colonel-Achille-Muller-3.jpg\" alt=\"\" class=\"wp-image-2715 size-full\" srcset=\"https:\/\/anciens2rpima.fr\/wp-content\/uploads\/2025\/07\/Colonel-Achille-Muller-3.jpg 421w, https:\/\/anciens2rpima.fr\/wp-content\/uploads\/2025\/07\/Colonel-Achille-Muller-3-300x212.jpg 300w, https:\/\/anciens2rpima.fr\/wp-content\/uploads\/2025\/07\/Colonel-Achille-Muller-3-200x142.jpg 200w\" sizes=\"(max-width: 421px) 100vw, 421px\" \/><\/a><\/figure><div class=\"wp-block-media-text__content\">\n<p style=\"font-size:16px\">N\u00e9 au pays de la croix de Lorraine au N\u00b01 de janvier 1925, au pr\u00e9nom de h\u00e9ros grec \u00ab\u00a0Achille\u00a0\u00bb, notre v\u00e9t\u00e9ran centenaire en 2025, ancien soldat des FAFL, des 4th SAS, <strong>2e RCP<\/strong>, <a href=\"https:\/\/anciens2rpima.fr\/wp-content\/uploads\/2025\/07\/Colonel-Achille-Muller-2eRCP-Figaro-magazine-2019.jpg\" target=\"_blank\" rel=\"noopener\" title=\"\">au p\u00e9riple incroyable<\/a> commenc\u00e9 d\u00e8s 17 ans, <a href=\"https:\/\/anciens2rpima.fr\/wp-content\/uploads\/2025\/07\/Colonel-Bourgoin-et-Achille-Muller-VANNES-Aout-1944.jpg\" target=\"_blank\" rel=\"noopener\" title=\"\">nous d\u00e9voile une \u00e9pop\u00e9e hom\u00e9rique extraordinaire<\/a>&#8230; Sur cette <mark style=\"background-color:#fcb900\" class=\"has-inline-color\">&lt;&lt;&lt; vid\u00e9o de 2023<\/mark>, vivez <a href=\"https:\/\/rogerbeep.fr\/achille-muller-heros-de-la-seconde-guerre-mondiale\/\" target=\"_blank\" rel=\"noopener\" title=\"\">le t\u00e9moignage<\/a> du colonel Achille Muller.<\/p>\n<\/div><\/div>\n\n\n\n<p class=\"has-text-align-center\">&#8212;&#8212;&#8212;&#8212;&#8211; = &#8212;&#8212;&#8212;&#8212;&#8211;<\/p>\n\n\n<div id=\"useronline-details\"><p>Il y a <strong>1 Utilisateur<\/strong> actuellement en ligne\u00a0: <strong>0 Membres<\/strong>, <strong>1 Invit\u00e9<\/strong> et <strong>0 Robots<\/strong>.<\/p><p>Le plus grand nombre d'utilisateurs en ligne a \u00e9t\u00e9 de <strong>118<\/strong>, le <strong>20 novembre, 2025 @ 17h31<\/strong><\/p><h2>1 Invit\u00e9 Actuellement en ligne<\/h2><p><strong>#1 - Invit\u00e9<\/strong>  le 3 mai, 2026 @ 13h20<br\/>Amicale des anciens du 2e RPIMa &raquo; L\u2019association - Amicale des anciens du 2e RPIMa [<a href=\"\/\">URL<\/a>] [<a href=\"http:\/\/anciens2rpima.fr\/\">R\u00e9f\u00e9rent<\/a>]<\/p>\n<\/div>\n\n\n\n<p><\/p>\n","protected":false},"excerpt":{"rendered":"<p>&#8211; A C T U A L I T E S &#8211; \u2014\u2014\u2014\u2014\u2013 = \u2014\u2014\u2014\u2014\u2013 Prochainement : INFOS \u00e0 nos &hellip; <\/p>\n","protected":false},"author":1,"featured_media":0,"parent":0,"menu_order":0,"comment_status":"closed","ping_status":"closed","template":"","meta":{"om_disable_all_campaigns":false,"_monsterinsights_skip_tracking":false,"_monsterinsights_sitenote_active":false,"_monsterinsights_sitenote_note":"","_monsterinsights_sitenote_category":0,"_uf_show_specific_survey":0,"_uf_disable_surveys":false,"_price":"","_stock":"","_tribe_ticket_header":"","_tribe_default_ticket_provider":"","_tribe_ticket_capacity":"0","_ticket_start_date":"","_ticket_end_date":"","_tribe_ticket_show_description":"","_tribe_ticket_show_not_going":false,"_tribe_ticket_use_global_stock":"","_tribe_ticket_global_stock_level":"","_global_stock_mode":"","_global_stock_cap":"","_tribe_rsvp_for_event":"","_tribe_ticket_going_count":"","_tribe_ticket_not_going_count":"","_tribe_tickets_list":"[]","_tribe_ticket_has_attendee_info_fields":false,"footnotes":"","_tec_slr_enabled":"","_tec_slr_layout":""},"class_list":["post-41","page","type-page","status-publish","hentry"],"aioseo_notices":[],"ticketed":false,"_links":{"self":[{"href":"https:\/\/anciens2rpima.fr\/index.php\/wp-json\/wp\/v2\/pages\/41","targetHints":{"allow":["GET"]}}],"collection":[{"href":"https:\/\/anciens2rpima.fr\/index.php\/wp-json\/wp\/v2\/pages"}],"about":[{"href":"https:\/\/anciens2rpima.fr\/index.php\/wp-json\/wp\/v2\/types\/page"}],"author":[{"embeddable":true,"href":"https:\/\/anciens2rpima.fr\/index.php\/wp-json\/wp\/v2\/users\/1"}],"replies":[{"embeddable":true,"href":"https:\/\/anciens2rpima.fr\/index.php\/wp-json\/wp\/v2\/comments?post=41"}],"version-history":[{"count":566,"href":"https:\/\/anciens2rpima.fr\/index.php\/wp-json\/wp\/v2\/pages\/41\/revisions"}],"predecessor-version":[{"id":4515,"href":"https:\/\/anciens2rpima.fr\/index.php\/wp-json\/wp\/v2\/pages\/41\/revisions\/4515"}],"wp:attachment":[{"href":"https:\/\/anciens2rpima.fr\/index.php\/wp-json\/wp\/v2\/media?parent=41"}],"curies":[{"name":"wp","href":"https:\/\/api.w.org\/{rel}","templated":true}]}}