{"id":90,"date":"2021-06-19T09:53:14","date_gmt":"2021-06-19T07:53:14","guid":{"rendered":"https:\/\/anciens2rpima.fr\/?page_id=90"},"modified":"2026-08-27T22:03:34","modified_gmt":"2026-08-27T20:03:34","slug":"organisation-de-lassociation","status":"publish","type":"page","link":"https:\/\/anciens2rpima.fr\/index.php\/organisation-de-lassociation\/","title":{"rendered":"ORGANISATION"},"content":{"rendered":"\n<p class=\"has-text-align-center wp-block-paragraph\"><em><mark style=\"background-color:rgba(0, 0, 0, 0);color:#a36107\" class=\"has-inline-color\"><strong>L&rsquo;Ancre et le Papangue, notre revue semestrielle poursuit son aventure&#8230;.<\/strong><\/mark><\/em><\/p>\n\n\n\n<p class=\"wp-block-paragraph\"><\/p>\n\n\n\n<p class=\"wp-block-paragraph\">L\u2019Amicale se veut  unique en son genre, car bien que son si\u00e8ge social et son r\u00e9giment se trouvent \u00e0 la R\u00e9union, elle fonctionne et vit au rythme  national, par d\u00e9l\u00e9gations.<\/p>\n\n\n\n<ul class=\"wp-block-list\">\n<li><strong>La vie en d\u00e9l\u00e9gation&nbsp;:<\/strong><\/li>\n<\/ul>\n\n\n\n<div class=\"wp-block-media-text has-media-on-the-right is-stacked-on-mobile\" style=\"grid-template-columns:auto 37%\"><div class=\"wp-block-media-text__content\">\n<p class=\"wp-block-paragraph\">&#8211; <strong>6 d\u00e9l\u00e9gations principales :<\/strong> &nbsp;Une \u00e0 la R\u00e9union, la plus nombreuse,&nbsp;une en R\u00e9gion Ile de France,&nbsp;&nbsp;les quatre&nbsp;autres en R\u00e9gion 1\/4 de France : Nord-Est,&nbsp;Nord-Ouest,&nbsp;&nbsp;Sud-Ouest et&nbsp; Sud-Est.<\/p>\n\n\n\n<p class=\"wp-block-paragraph\">Le but de ce d\u00e9coupage au niveau National, est de permettre, en tout point g\u00e9ographique, de pouvoir informer et rassembler le plus grand nombre, sous la responsabilit\u00e9 d\u2019un d\u00e9l\u00e9gu\u00e9.<\/p>\n<\/div><figure class=\"wp-block-media-text__media\"><a href=\"https:\/\/anciens2rpima.fr\/index.php\/organisation-de-lassociation\/france-color\/\"><img fetchpriority=\"high\" decoding=\"async\" width=\"845\" height=\"505\" src=\"https:\/\/anciens2rpima.fr\/wp-content\/uploads\/2026\/04\/france-color.jpg\" alt=\"\" class=\"wp-image-4474 size-full\" srcset=\"https:\/\/anciens2rpima.fr\/wp-content\/uploads\/2026\/04\/france-color.jpg 845w, https:\/\/anciens2rpima.fr\/wp-content\/uploads\/2026\/04\/france-color-300x179.jpg 300w, https:\/\/anciens2rpima.fr\/wp-content\/uploads\/2026\/04\/france-color-768x459.jpg 768w, https:\/\/anciens2rpima.fr\/wp-content\/uploads\/2026\/04\/france-color-200x120.jpg 200w\" sizes=\"(max-width: 845px) 100vw, 845px\" \/><\/a><\/figure><\/div>\n\n\n\n<p class=\"wp-block-paragraph\"><\/p>\n\n\n\n<ul class=\"wp-block-list\">\n<li> <strong>Le conseil d\u2019administration :<\/strong><\/li>\n<\/ul>\n\n\n\n<p class=\"wp-block-paragraph\">Le Conseil d\u2019Administration (CA), se r\u00e9uni tous les 3 mois (en visioconf\u00e9rence avec plusieurs p\u00f4les, dont la R\u00e9union), il se compose de 15 membres \u00e9lus, du conservateur de notre patrimoine et du porte drapeau \u00ab&nbsp;national&nbsp;\u00bb. Ce CA dirige et g\u00e8re l\u2019Amicale. Il est charg\u00e9 de mettre en \u0153uvre les d\u00e9cisions et la politique d\u00e9finies par l\u2019assembl\u00e9e g\u00e9n\u00e9rale et d\u2019assurer la gestion quotidienne de l\u2019Amicale.<\/p>\n\n\n\n<ul class=\"wp-block-list\">\n<li><strong>Elle est r\u00e9unie en Assembl\u00e9e G\u00e9n\u00e9rale une fois par an :<\/strong><\/li>\n<\/ul>\n\n\n\n<p class=\"wp-block-paragraph\">A cette AG sont vot\u00e9es toutes les d\u00e9cisions&nbsp; ou propositions du conseil d\u2019administration, d\u2019o\u00f9 l\u2019importance de votre pr\u00e9sence.<\/p>\n\n\n\n<ul class=\"wp-block-list\">\n<li><strong>L\u2019amicale travaille pour et avec son R\u00e9giment :<\/strong><\/li>\n<\/ul>\n\n\n\n<p class=\"wp-block-paragraph\">L\u2019une des priorit\u00e9s de l\u2019Amicale est de participer au dialogue arm\u00e9e-nation en entretenant des liens \u00e9troits avec l\u2019arm\u00e9e et plus particuli\u00e8rement avec le 2<sup>e<\/sup>&nbsp;RPIMa pour lui apporter notre soutien chaque fois que possible afin de le soutenir dans l\u2019accomplissement de ses missions. <\/p>\n\n\n\n<p class=\"wp-block-paragraph\">En M\u00e9tropole comme \u00e0 la R\u00e9union, nous menons \u00e9galement des actions visant \u00e0 faire conna\u00eetre le 2\u00b0 RPIMa aux \u00e9lus, aux monde m\u00e9diatique et au plus large public, comme les \u00e9coles.<\/p>\n\n\n\n<p class=\"wp-block-paragraph\"> Notre r\u00e9giment a besoin de notre soutien et c\u2019est que nous nous effor\u00e7ons de faire par tous les moyens.<\/p>\n\n\n\n<ul class=\"wp-block-list\">\n<li>Derri\u00e8re son drapeau :<\/li>\n<\/ul>\n\n\n\n<p class=\"wp-block-paragraph\">Le drapeau \u00ab&nbsp;national&nbsp;\u00bb, tout comme celui de la R\u00e9union, est pr\u00e9sent \u00e0 chaque c\u00e9r\u00e9monie. Un exemple concret, le drapeau a fait 25 sorties en 2022 (Tant en M\u00e9tropole qu\u2019\u00e0 la R\u00e9union), aussi bien pour des c\u00e9r\u00e9monies patriotiques que pour des \u00e9v\u00e8nements douloureux, comme la disparition de nos anciens, dont les plus connus sont en date, les g\u00e9n\u00e9raux Le Boudec, Firth, Subr\u00e9gis et Le Borgne, tous les quatre anciens Chefs de Corps du 2. Et nous n\u2019oublions bien s\u00fbr pas tous les autres Anciens disparus eux aussi et trop nombreux pour \u00eatre mentionn\u00e9s.<\/p>\n\n\n\n<ul class=\"wp-block-list\">\n<li>Nous publions un bulletin de liaison tous les 6 mois : L\u2019<a href=\"https:\/\/anciens2rpima.fr\/index.php\/lancre-et-le-papangue\/\" target=\"_blank\" rel=\"noopener\" title=\"\">Ancre et le Papangue<\/a>. Il n\u2019est pas n\u00e9cessaire de revenir sur la signification de l\u2019Ancre. En revanche, \u00ab&nbsp;Le&nbsp;\u00bb ou pour certains \u00ab&nbsp;La Papangue&nbsp;\u00bb fait r\u00e9f\u00e9rence \u00e0 ce rapace end\u00e9mique \u00e0 l\u2019Ile de la R\u00e9union, l\u00e0 o\u00f9 se trouve son r\u00e9giment. C\u2019est \u00e9galement un clin d\u2019\u0153il au \u00ab&nbsp;charognard&nbsp;\u00bb de la 11\u00e8me Brigade Parachutiste.<\/li>\n<\/ul>\n\n\n\n<p class=\"wp-block-paragraph\">Tous les \u00e9v\u00e8nements et faits marquants touchant la vie de l\u2019amicale sont bien entendu relat\u00e9s dans notre revue semestrielle. Mais vous pouvez \u00e9galement les trouver en direct sur la <a href=\"https:\/\/www.facebook.com\/Les-Anciens-du-2e-RPIMa-311568218965291\" target=\"_blank\" rel=\"noreferrer noopener\" title=\"page Facebook de l\u2019Amicale.\">page Facebook de l\u2019Amicale.<\/a>&nbsp;<\/p>\n\n\n<div class=\"wp-block-image\">\n<figure class=\"aligncenter size-full is-resized\"><a href=\"https:\/\/www.facebook.com\/profile.php?id=100079097876180&amp;locale=fr_FR\" target=\"_blank\" rel=\" noreferrer noopener\"><img decoding=\"async\" width=\"266\" height=\"200\" src=\"https:\/\/anciens2rpima.fr\/wp-content\/uploads\/2026\/04\/Facebook.webp\" alt=\"\" class=\"wp-image-4478\" style=\"aspect-ratio:1.330166270783848;width:51px;height:auto\" srcset=\"https:\/\/anciens2rpima.fr\/wp-content\/uploads\/2026\/04\/Facebook.webp 266w, https:\/\/anciens2rpima.fr\/wp-content\/uploads\/2026\/04\/Facebook-200x150.webp 200w\" sizes=\"(max-width: 266px) 100vw, 266px\" \/><\/a><figcaption class=\"wp-element-caption\">Officiel<\/figcaption><\/figure>\n<\/div>\n\n\n<p class=\"wp-block-paragraph\">Tous les adh\u00e9rents \u00e0 jour de leur cotisation sont destinataires de la revue en version papier, ainsi que le R\u00e9giment.<\/p>\n\n\n\n<p class=\"wp-block-paragraph\">Une diffusion \u00e9lectronique est r\u00e9alis\u00e9e au profit des diff\u00e9rentes f\u00e9d\u00e9rations auxquelles nous sommes affili\u00e9s (FNAOM, FNAP, FNEP,UNP) ainsi que des r\u00e9giments parachutistes des Troupes de Marine et des diverses Amicales de l\u2019Arme.<\/p>\n\n\n\n<p class=\"has-text-align-left wp-block-paragraph\">La tenue des amicalistes \u00ab\u00a0Del.R\u00e9union\u00a0\u00bb la plus utilis\u00e9e lors des c\u00e9r\u00e9monies officielles (hors polo) :<\/p>\n\n\n\n<div class=\"wp-block-group is-content-justification-space-between is-nowrap is-layout-flex wp-container-core-group-is-layout-b0ffac9c wp-block-group-is-layout-flex\">\n<div class=\"wp-block-group is-vertical is-layout-flex wp-container-core-group-is-layout-a031d96e wp-block-group-is-layout-flex\"><div class=\"wp-block-image\">\n<figure class=\"aligncenter size-full is-resized\"><a href=\"https:\/\/anciens2rpima.fr\/wp-content\/uploads\/2026\/05\/Tenue-Amicale-AA2-1.jpg\"><img decoding=\"async\" width=\"488\" height=\"430\" src=\"https:\/\/anciens2rpima.fr\/wp-content\/uploads\/2026\/05\/Tenue-Amicale-AA2-1.jpg\" alt=\"\" class=\"wp-image-4631\" style=\"width:304px;height:auto\" srcset=\"https:\/\/anciens2rpima.fr\/wp-content\/uploads\/2026\/05\/Tenue-Amicale-AA2-1.jpg 488w, https:\/\/anciens2rpima.fr\/wp-content\/uploads\/2026\/05\/Tenue-Amicale-AA2-1-300x264.jpg 300w, https:\/\/anciens2rpima.fr\/wp-content\/uploads\/2026\/05\/Tenue-Amicale-AA2-1-200x176.jpg 200w\" sizes=\"(max-width: 488px) 100vw, 488px\" \/><\/a><\/figure>\n<\/div>\n\n<div class=\"wp-block-image\">\n<figure class=\"alignleft size-full is-resized\"><img loading=\"lazy\" decoding=\"async\" width=\"200\" height=\"67\" src=\"https:\/\/anciens2rpima.fr\/wp-content\/uploads\/2026\/05\/rubans_v2-200.gif.webp\" alt=\"\" class=\"wp-image-4634\" style=\"width:160px;height:auto\"\/><\/figure>\n<\/div><\/div>\n\n\n\n<div style=\"background-image:linear-gradient(137deg,rgb(255,165,92) 0%,rgb(253,253,252) 44%,rgb(255,189,128) 100%);\" class=\"wp-block-group has-background\"><div class=\"wp-block-group__inner-container is-layout-constrained wp-block-group-is-layout-constrained\">\n<div class=\"wp-block-file\"><a id=\"wp-block-file--media-6f471ed1-8ed2-407e-bab5-a897f4ed1ac7\" href=\"https:\/\/anciens2rpima.fr\/wp-content\/uploads\/2025\/03\/CA-elargi-STAFF-Mis-a-jour-le-05032025.jpg\">CA-elargi-STAFF-Mis-a-jour-le-05032025<\/a><a href=\"https:\/\/anciens2rpima.fr\/wp-content\/uploads\/2025\/03\/CA-elargi-STAFF-Mis-a-jour-le-05032025.jpg\" class=\"wp-block-file__button wp-element-button\" download aria-describedby=\"wp-block-file--media-6f471ed1-8ed2-407e-bab5-a897f4ed1ac7\"><mark style=\"background-color:rgba(0, 0, 0, 0)\" class=\"has-inline-color has-white-color\">T\u00e9l\u00e9charger<\/mark><\/a><\/div>\n\n\n\n<p class=\"wp-block-paragraph\"><\/p>\n\n\n\n<div class=\"wp-block-file\"><a href=\"https:\/\/anciens2rpima.fr\/wp-content\/uploads\/2023\/04\/Staff.pdf\">STAFF pr\u00e9c\u00e9dent 2023<\/a><a href=\"https:\/\/anciens2rpima.fr\/wp-content\/uploads\/2023\/04\/Staff.pdf\" class=\"wp-block-file__button wp-element-button\" download><mark style=\"background-color:rgba(0, 0, 0, 0)\" class=\"has-inline-color has-white-color\">T\u00e9l\u00e9chargez<\/mark><\/a><\/div>\n\n\n\n<div class=\"wp-block-file\"><a href=\"https:\/\/anciens2rpima.fr\/wp-content\/uploads\/2023\/04\/Pref.-Sous-Rece\u0301pisse\u0301-2022.pdf\">Le r\u00e9c\u00e9piss\u00e9 de la Pr\u00e9fecture de l\u2019A.G. du 02\/09\/2022<\/a><a href=\"https:\/\/anciens2rpima.fr\/wp-content\/uploads\/2023\/04\/Pref.-Sous-Rece\u0301pisse\u0301-2022.pdf\" class=\"wp-block-file__button wp-element-button\" download><mark style=\"background-color:rgba(0, 0, 0, 0)\" class=\"has-inline-color has-white-color\">T\u00e9l\u00e9chargez<\/mark><\/a><\/div>\n<\/div><\/div>\n<\/div>\n\n\n\n<p class=\"wp-block-paragraph\"><\/p>\n\n\n\n<p class=\"wp-block-paragraph\"><strong>Les SONDAGES en cours ou en stand by :<\/strong><\/p>\n\n\n\n<div class=\"wp-block-group\"><div class=\"wp-block-group__inner-container is-layout-constrained wp-block-group-is-layout-constrained\"><p><form id=\"forminator-module-5605\" class=\"forminator-poll forminator-poll-5605\" method=\"post\" data-forminator-render=\"0\" data-uid=\"6a952c6570746\"><div role=\"alert\" aria-live=\"polite\" class=\"forminator-response-message forminator-error\n forminator-show\"><p>Les votes sont ferm\u00e9s ou suspendus, revenez v\u00e9rifiez&#8230;<\/p><\/div><div class=\"forminator-poll-header\"><span id=\"forminator-poll-5605--title\" class=\"forminator-question forminator-poll--question\">R\u00e9union du C.A de l&#039;AA2 &#8211; Dates propos\u00e9es pour se r\u00e9unir<\/span><span class=\"forminator-description\">Seuls les membres du C.A peuvent voter ! S\u00e9lectionner un choix !<\/span><img decoding=\"async\" class=\"forminator-image\" src=\"https:\/\/anciens2rpima.fr\/wp-content\/uploads\/2026\/03\/image.png\" role=\"img\" aria-hidden=\"true\" \/><\/div><\/form><\/p>\n<\/div><\/div>\n\n\n\n<p class=\"wp-block-paragraph\"><\/p>\n","protected":false},"excerpt":{"rendered":"<p>L&rsquo;Ancre et le Papangue, notre revue semestrielle poursuit son aventure&#8230;. L\u2019Amicale se veut unique en son genre, car bien que &hellip; <\/p>\n","protected":false},"author":1,"featured_media":1810,"parent":0,"menu_order":0,"comment_status":"closed","ping_status":"closed","template":"","meta":{"om_disable_all_campaigns":false,"_monsterinsights_skip_tracking":false,"_uf_show_specific_survey":0,"_uf_disable_surveys":false,"footnotes":""},"class_list":["post-90","page","type-page","status-publish","has-post-thumbnail","hentry"],"aioseo_notices":[],"aioseo_head":"\n\t\t<!-- All in One SEO 5.0.1.1 - aioseo.com -->\n\t<meta name=\"description\" content=\"L&#039;Ancre et le Papangue, notre revue semestrielle poursuit son aventure.... L\u2019Amicale se veut unique en son genre, car bien que son si\u00e8ge social et son r\u00e9giment se trouvent \u00e0 la R\u00e9union, elle fonctionne et vit au rythme national, par d\u00e9l\u00e9gations. La vie en d\u00e9l\u00e9gation : - 6 d\u00e9l\u00e9gations principales : Une \u00e0 la R\u00e9union, la plus\" \/>\n\t<meta name=\"robots\" content=\"max-image-preview:large\" \/>\n\t<link rel=\"canonical\" href=\"https:\/\/anciens2rpima.fr\/index.php\/organisation-de-lassociation\/\" \/>\n\t<meta name=\"generator\" content=\"All in One SEO (AIOSEO) 5.0.1.1\" \/>\n\t\t<meta property=\"og:locale\" content=\"fr_FR\" \/>\n\t\t<meta property=\"og:site_name\" content=\"Amicale des anciens du 2e RPIMa - Ne pas subir\" \/>\n\t\t<meta property=\"og:type\" content=\"article\" \/>\n\t\t<meta property=\"og:title\" content=\"ORGANISATION - Amicale des anciens du 2e RPIMa\" \/>\n\t\t<meta property=\"og:description\" content=\"L&#039;Ancre et le Papangue, notre revue semestrielle poursuit son aventure.... L\u2019Amicale se veut unique en son genre, car bien que son si\u00e8ge social et son r\u00e9giment se trouvent \u00e0 la R\u00e9union, elle fonctionne et vit au rythme national, par d\u00e9l\u00e9gations. La vie en d\u00e9l\u00e9gation : - 6 d\u00e9l\u00e9gations principales : Une \u00e0 la R\u00e9union, la plus\" \/>\n\t\t<meta property=\"og:url\" content=\"https:\/\/anciens2rpima.fr\/index.php\/organisation-de-lassociation\/\" \/>\n\t\t<meta property=\"og:image\" content=\"https:\/\/anciens2rpima.fr\/wp-content\/uploads\/2021\/06\/Sans-titre-27.jpg\" \/>\n\t\t<meta property=\"og:image:secure_url\" content=\"https:\/\/anciens2rpima.fr\/wp-content\/uploads\/2021\/06\/Sans-titre-27.jpg\" \/>\n\t\t<meta property=\"article:published_time\" content=\"2021-06-19T07:53:14+00:00\" \/>\n\t\t<meta property=\"article:modified_time\" content=\"2026-08-27T20:03:34+00:00\" \/>\n\t\t<meta name=\"twitter:card\" content=\"summary\" \/>\n\t\t<meta name=\"twitter:title\" content=\"ORGANISATION - Amicale des anciens du 2e RPIMa\" \/>\n\t\t<meta name=\"twitter:description\" content=\"L&#039;Ancre et le Papangue, notre revue semestrielle poursuit son aventure.... L\u2019Amicale se veut unique en son genre, car bien que son si\u00e8ge social et son r\u00e9giment se trouvent \u00e0 la R\u00e9union, elle fonctionne et vit au rythme national, par d\u00e9l\u00e9gations. La vie en d\u00e9l\u00e9gation : - 6 d\u00e9l\u00e9gations principales : Une \u00e0 la R\u00e9union, la plus\" \/>\n\t\t<meta name=\"twitter:image\" content=\"https:\/\/anciens2rpima.fr\/wp-content\/uploads\/2021\/06\/Sans-titre-27.jpg\" \/>\n\t\t<script type=\"application\/ld+json\" class=\"aioseo-schema\">\n\t\t\t{\"@context\":\"https:\\\/\\\/schema.org\",\"@graph\":[{\"@type\":\"BreadcrumbList\",\"@id\":\"https:\\\/\\\/anciens2rpima.fr\\\/index.php\\\/organisation-de-lassociation\\\/#breadcrumblist\",\"itemListElement\":[{\"@type\":\"ListItem\",\"@id\":\"https:\\\/\\\/anciens2rpima.fr#listItem\",\"position\":1,\"name\":\"Home\",\"item\":\"https:\\\/\\\/anciens2rpima.fr\",\"nextItem\":{\"@type\":\"ListItem\",\"@id\":\"https:\\\/\\\/anciens2rpima.fr\\\/index.php\\\/organisation-de-lassociation\\\/#listItem\",\"name\":\"ORGANISATION\"}},{\"@type\":\"ListItem\",\"@id\":\"https:\\\/\\\/anciens2rpima.fr\\\/index.php\\\/organisation-de-lassociation\\\/#listItem\",\"position\":2,\"name\":\"ORGANISATION\",\"previousItem\":{\"@type\":\"ListItem\",\"@id\":\"https:\\\/\\\/anciens2rpima.fr#listItem\",\"name\":\"Home\"}}]},{\"@type\":\"Organization\",\"@id\":\"https:\\\/\\\/anciens2rpima.fr\\\/#organization\",\"name\":\"Amicale des anciens du 2\\u00b0 RPIMa\",\"description\":\"Ne pas subir\",\"url\":\"https:\\\/\\\/anciens2rpima.fr\\\/\",\"logo\":{\"@type\":\"ImageObject\",\"url\":\"https:\\\/\\\/anciens2rpima.fr\\\/wp-content\\\/uploads\\\/2021\\\/06\\\/Sans-titre-27.jpg\",\"@id\":\"https:\\\/\\\/anciens2rpima.fr\\\/index.php\\\/organisation-de-lassociation\\\/#organizationLogo\",\"width\":150,\"height\":150,\"caption\":\"logo anciens du 2\\u00b0 rpima\"},\"image\":{\"@id\":\"https:\\\/\\\/anciens2rpima.fr\\\/index.php\\\/organisation-de-lassociation\\\/#organizationLogo\"}},{\"@type\":\"WebPage\",\"@id\":\"https:\\\/\\\/anciens2rpima.fr\\\/index.php\\\/organisation-de-lassociation\\\/#webpage\",\"url\":\"https:\\\/\\\/anciens2rpima.fr\\\/index.php\\\/organisation-de-lassociation\\\/\",\"name\":\"ORGANISATION - Amicale des anciens du 2e RPIMa\",\"description\":\"L'Ancre et le Papangue, notre revue semestrielle poursuit son aventure.... L\\u2019Amicale se veut unique en son genre, car bien que son si\\u00e8ge social et son r\\u00e9giment se trouvent \\u00e0 la R\\u00e9union, elle fonctionne et vit au rythme national, par d\\u00e9l\\u00e9gations. La vie en d\\u00e9l\\u00e9gation : - 6 d\\u00e9l\\u00e9gations principales : Une \\u00e0 la R\\u00e9union, la plus\",\"inLanguage\":\"fr-FR\",\"isPartOf\":{\"@id\":\"https:\\\/\\\/anciens2rpima.fr\\\/#website\"},\"breadcrumb\":{\"@id\":\"https:\\\/\\\/anciens2rpima.fr\\\/index.php\\\/organisation-de-lassociation\\\/#breadcrumblist\"},\"image\":{\"@type\":\"ImageObject\",\"url\":\"https:\\\/\\\/anciens2rpima.fr\\\/wp-content\\\/uploads\\\/2025\\\/04\\\/ANCRE-et-PAPANGUE-N\\u00b01-a-21-e1745003073162.jpg\",\"@id\":\"https:\\\/\\\/anciens2rpima.fr\\\/index.php\\\/organisation-de-lassociation\\\/#mainImage\",\"width\":500,\"height\":471},\"primaryImageOfPage\":{\"@id\":\"https:\\\/\\\/anciens2rpima.fr\\\/index.php\\\/organisation-de-lassociation\\\/#mainImage\"},\"datePublished\":\"2021-06-19T09:53:14+02:00\",\"dateModified\":\"2026-08-27T22:03:34+02:00\"},{\"@type\":\"WebSite\",\"@id\":\"https:\\\/\\\/anciens2rpima.fr\\\/#website\",\"url\":\"https:\\\/\\\/anciens2rpima.fr\\\/\",\"name\":\"Amicale des anciens du 2\\u00b0 RPIMa\",\"description\":\"Ne pas subir\",\"inLanguage\":\"fr-FR\",\"publisher\":{\"@id\":\"https:\\\/\\\/anciens2rpima.fr\\\/#organization\"}}]}\n\t\t<\/script>\n\t\t<!-- All in One SEO -->\n\n","aioseo_head_json":{"title":"ORGANISATION - Amicale des anciens du 2e RPIMa","description":"L'Ancre et le Papangue, notre revue semestrielle poursuit son aventure.... L\u2019Amicale se veut unique en son genre, car bien que son si\u00e8ge social et son r\u00e9giment se trouvent \u00e0 la R\u00e9union, elle fonctionne et vit au rythme national, par d\u00e9l\u00e9gations. La vie en d\u00e9l\u00e9gation : - 6 d\u00e9l\u00e9gations principales : Une \u00e0 la R\u00e9union, la plus","canonical_url":"https:\/\/anciens2rpima.fr\/index.php\/organisation-de-lassociation\/","robots":"max-image-preview:large","keywords":"","webmasterTools":{"miscellaneous":""},"schema":{"@context":"https:\/\/schema.org","@graph":[{"@type":"BreadcrumbList","@id":"https:\/\/anciens2rpima.fr\/index.php\/organisation-de-lassociation\/#breadcrumblist","itemListElement":[{"@type":"ListItem","@id":"https:\/\/anciens2rpima.fr#listItem","position":1,"name":"Home","item":"https:\/\/anciens2rpima.fr","nextItem":{"@type":"ListItem","@id":"https:\/\/anciens2rpima.fr\/index.php\/organisation-de-lassociation\/#listItem","name":"ORGANISATION"}},{"@type":"ListItem","@id":"https:\/\/anciens2rpima.fr\/index.php\/organisation-de-lassociation\/#listItem","position":2,"name":"ORGANISATION","previousItem":{"@type":"ListItem","@id":"https:\/\/anciens2rpima.fr#listItem","name":"Home"}}]},{"@type":"Organization","@id":"https:\/\/anciens2rpima.fr\/#organization","name":"Amicale des anciens du 2\u00b0 RPIMa","description":"Ne pas subir","url":"https:\/\/anciens2rpima.fr\/","logo":{"@type":"ImageObject","url":"https:\/\/anciens2rpima.fr\/wp-content\/uploads\/2021\/06\/Sans-titre-27.jpg","@id":"https:\/\/anciens2rpima.fr\/index.php\/organisation-de-lassociation\/#organizationLogo","width":150,"height":150,"caption":"logo anciens du 2\u00b0 rpima"},"image":{"@id":"https:\/\/anciens2rpima.fr\/index.php\/organisation-de-lassociation\/#organizationLogo"}},{"@type":"WebPage","@id":"https:\/\/anciens2rpima.fr\/index.php\/organisation-de-lassociation\/#webpage","url":"https:\/\/anciens2rpima.fr\/index.php\/organisation-de-lassociation\/","name":"ORGANISATION - Amicale des anciens du 2e RPIMa","description":"L'Ancre et le Papangue, notre revue semestrielle poursuit son aventure.... L\u2019Amicale se veut unique en son genre, car bien que son si\u00e8ge social et son r\u00e9giment se trouvent \u00e0 la R\u00e9union, elle fonctionne et vit au rythme national, par d\u00e9l\u00e9gations. La vie en d\u00e9l\u00e9gation : - 6 d\u00e9l\u00e9gations principales : Une \u00e0 la R\u00e9union, la plus","inLanguage":"fr-FR","isPartOf":{"@id":"https:\/\/anciens2rpima.fr\/#website"},"breadcrumb":{"@id":"https:\/\/anciens2rpima.fr\/index.php\/organisation-de-lassociation\/#breadcrumblist"},"image":{"@type":"ImageObject","url":"https:\/\/anciens2rpima.fr\/wp-content\/uploads\/2025\/04\/ANCRE-et-PAPANGUE-N\u00b01-a-21-e1745003073162.jpg","@id":"https:\/\/anciens2rpima.fr\/index.php\/organisation-de-lassociation\/#mainImage","width":500,"height":471},"primaryImageOfPage":{"@id":"https:\/\/anciens2rpima.fr\/index.php\/organisation-de-lassociation\/#mainImage"},"datePublished":"2021-06-19T09:53:14+02:00","dateModified":"2026-08-27T22:03:34+02:00"},{"@type":"WebSite","@id":"https:\/\/anciens2rpima.fr\/#website","url":"https:\/\/anciens2rpima.fr\/","name":"Amicale des anciens du 2\u00b0 RPIMa","description":"Ne pas subir","inLanguage":"fr-FR","publisher":{"@id":"https:\/\/anciens2rpima.fr\/#organization"}}]},"og:locale":"fr_FR","og:site_name":"Amicale des anciens du 2e RPIMa - Ne pas subir","og:type":"article","og:title":"ORGANISATION - Amicale des anciens du 2e RPIMa","og:description":"L'Ancre et le Papangue, notre revue semestrielle poursuit son aventure.... L\u2019Amicale se veut unique en son genre, car bien que son si\u00e8ge social et son r\u00e9giment se trouvent \u00e0 la R\u00e9union, elle fonctionne et vit au rythme national, par d\u00e9l\u00e9gations. La vie en d\u00e9l\u00e9gation : - 6 d\u00e9l\u00e9gations principales : Une \u00e0 la R\u00e9union, la plus","og:url":"https:\/\/anciens2rpima.fr\/index.php\/organisation-de-lassociation\/","og:image":"https:\/\/anciens2rpima.fr\/wp-content\/uploads\/2021\/06\/Sans-titre-27.jpg","og:image:secure_url":"https:\/\/anciens2rpima.fr\/wp-content\/uploads\/2021\/06\/Sans-titre-27.jpg","article:published_time":"2021-06-19T07:53:14+00:00","article:modified_time":"2026-08-27T20:03:34+00:00","twitter:card":"summary","twitter:title":"ORGANISATION - Amicale des anciens du 2e RPIMa","twitter:description":"L'Ancre et le Papangue, notre revue semestrielle poursuit son aventure.... L\u2019Amicale se veut unique en son genre, car bien que son si\u00e8ge social et son r\u00e9giment se trouvent \u00e0 la R\u00e9union, elle fonctionne et vit au rythme national, par d\u00e9l\u00e9gations. La vie en d\u00e9l\u00e9gation : - 6 d\u00e9l\u00e9gations principales : Une \u00e0 la R\u00e9union, la plus","twitter:image":"https:\/\/anciens2rpima.fr\/wp-content\/uploads\/2021\/06\/Sans-titre-27.jpg"},"aioseo_meta_data":{"post_id":"90","title":null,"description":null,"keywords":null,"keyphrases":{"focus":{"keyphrase":"","score":0,"analysis":{"keyphraseInTitle":{"score":0,"maxScore":9,"error":1}}},"additional":[]},"primary_term":null,"canonical_url":null,"og_title":null,"og_description":null,"og_object_type":"default","og_image_type":"default","og_image_url":null,"og_image_width":null,"og_image_height":null,"og_image_custom_url":null,"og_image_custom_fields":null,"og_video":"","og_custom_url":null,"og_article_section":null,"og_article_tags":null,"twitter_use_og":false,"twitter_card":"default","twitter_image_type":"default","twitter_image_url":null,"twitter_image_custom_url":null,"twitter_image_custom_fields":null,"twitter_title":null,"twitter_description":null,"schema":{"blockGraphs":[],"customGraphs":[],"default":{"data":{"Article":[],"Course":[],"Dataset":[],"FAQPage":[],"Movie":[],"Person":[],"Product":[],"ProductReview":[],"Car":[],"Recipe":[],"Service":[],"SoftwareApplication":[],"WebPage":{"id":"#aioseo-web-page-65c51d538d119","slug":"web-page","graphName":"WebPage","label":"Page Web","properties":{"type":"WebPage","name":"","description":""}}},"graphName":"WebPage","isEnabled":true},"graphs":[]},"schema_type":"default","schema_type_options":"{\"article\":{\"articleType\":\"BlogPosting\"},\"course\":{\"name\":\"\",\"description\":\"\",\"provider\":\"\"},\"faq\":{\"pages\":[]},\"product\":{\"reviews\":[]},\"recipe\":{\"ingredients\":[],\"instructions\":[],\"keywords\":[]},\"software\":{\"reviews\":[],\"operatingSystems\":[]},\"webPage\":{\"webPageType\":\"WebPage\"}}","pillar_content":false,"robots_default":true,"robots_noindex":false,"robots_noarchive":false,"robots_nosnippet":false,"robots_nofollow":false,"robots_noimageindex":false,"robots_noodp":false,"robots_notranslate":false,"robots_max_snippet":"-1","robots_max_videopreview":"-1","robots_max_imagepreview":"large","priority":null,"frequency":"default","local_seo":null,"breadcrumb_settings":null,"limit_modified_date":false,"ai":{"faqs":[],"keyPoints":[],"schemas":[],"titles":[],"descriptions":[],"socialPosts":{"email":{"subject":"","preview":"","content":""},"linkedin":[],"twitter":[],"facebook":[],"instagram":[]}},"created":"2021-06-19 07:53:15","updated":"2026-08-27 20:47:07","seo_analyzer_scan_date":null,"focus_keyword":null,"additional_keywords":null,"truseo_locale":null},"aioseo_breadcrumb":"<div class=\"aioseo-breadcrumbs\"><span class=\"aioseo-breadcrumb\">\n\t\t\t<a href=\"https:\/\/anciens2rpima.fr\" title=\"Home\">Home<\/a>\n\t\t<\/span><span class=\"aioseo-breadcrumb-separator\">&raquo;<\/span><span class=\"aioseo-breadcrumb\">\n\t\t\tORGANISATION\n\t\t<\/span><\/div>","aioseo_breadcrumb_json":[{"label":"Home","link":"https:\/\/anciens2rpima.fr"},{"label":"ORGANISATION","link":"https:\/\/anciens2rpima.fr\/index.php\/organisation-de-lassociation\/"}],"_links":{"self":[{"href":"https:\/\/anciens2rpima.fr\/index.php\/wp-json\/wp\/v2\/pages\/90","targetHints":{"allow":["GET"]}}],"collection":[{"href":"https:\/\/anciens2rpima.fr\/index.php\/wp-json\/wp\/v2\/pages"}],"about":[{"href":"https:\/\/anciens2rpima.fr\/index.php\/wp-json\/wp\/v2\/types\/page"}],"author":[{"embeddable":true,"href":"https:\/\/anciens2rpima.fr\/index.php\/wp-json\/wp\/v2\/users\/1"}],"replies":[{"embeddable":true,"href":"https:\/\/anciens2rpima.fr\/index.php\/wp-json\/wp\/v2\/comments?post=90"}],"version-history":[{"count":46,"href":"https:\/\/anciens2rpima.fr\/index.php\/wp-json\/wp\/v2\/pages\/90\/revisions"}],"predecessor-version":[{"id":5687,"href":"https:\/\/anciens2rpima.fr\/index.php\/wp-json\/wp\/v2\/pages\/90\/revisions\/5687"}],"wp:featuredmedia":[{"embeddable":true,"href":"https:\/\/anciens2rpima.fr\/index.php\/wp-json\/wp\/v2\/media\/1810"}],"wp:attachment":[{"href":"https:\/\/anciens2rpima.fr\/index.php\/wp-json\/wp\/v2\/media?parent=90"}],"curies":[{"name":"wp","href":"https:\/\/api.w.org\/{rel}","templated":true}]}}